{"id":2612,"date":"2024-07-04T13:49:35","date_gmt":"2024-07-04T13:49:35","guid":{"rendered":"https:\/\/www.ctab.tn\/?page_id=2612"},"modified":"2026-04-29T19:40:51","modified_gmt":"2026-04-29T18:40:51","slug":"actualite","status":"publish","type":"page","link":"https:\/\/ctab.tn\/fr\/actualite\/","title":{"rendered":"Actualit\u00e9s"},"content":{"rendered":"\t\t<div data-elementor-type=\"wp-page\" data-elementor-id=\"2612\" class=\"elementor elementor-2612\" data-elementor-post-type=\"page\">\n\t\t\t\t<div class=\"elementor-element elementor-element-e6964fd e-flex e-con-boxed e-con e-parent\" data-id=\"e6964fd\" data-element_type=\"container\" data-settings=\"{&quot;ekit_has_onepagescroll_dot&quot;:&quot;yes&quot;}\">\n\t\t\t\t\t<div class=\"e-con-inner\">\n\t\t\t\t<div class=\"elementor-element elementor-element-cdb858b elementor-widget elementor-widget-elementskit-heading\" data-id=\"cdb858b\" data-element_type=\"widget\" data-settings=\"{&quot;ekit_we_effect_on&quot;:&quot;none&quot;}\" data-widget_type=\"elementskit-heading.default\">\n\t\t\t\t<div class=\"elementor-widget-container\">\n\t\t\t\t\t<div class=\"ekit-wid-con\" ><div class=\"ekit-heading elementskit-section-title-wraper center   ekit_heading_tablet-   ekit_heading_mobile-\"><h2 class=\"ekit-heading--title elementskit-section-title \"><span><span>Actualit\u00e9s<\/span><\/span><\/h2><div class=\"ekit_heading_separetor_wraper ekit_heading_elementskit-border-divider elementskit-style-long\"><div class=\"elementskit-border-divider elementskit-style-long\"><\/div><\/div><\/div><\/div>\t\t\t\t<\/div>\n\t\t\t\t<\/div>\n\t\t\t\t\t<\/div>\n\t\t\t\t<\/div>\n\t\t<div class=\"elementor-element elementor-element-ff5fc8a e-flex e-con-boxed e-con e-parent\" data-id=\"ff5fc8a\" data-element_type=\"container\" data-settings=\"{&quot;ekit_has_onepagescroll_dot&quot;:&quot;yes&quot;}\">\n\t\t\t\t\t<div class=\"e-con-inner\">\n\t\t\t\t<div class=\"elementor-element elementor-element-1a2342c elementor-widget elementor-widget-image\" data-id=\"1a2342c\" data-element_type=\"widget\" data-settings=\"{&quot;ekit_we_effect_on&quot;:&quot;none&quot;}\" data-widget_type=\"image.default\">\n\t\t\t\t<div class=\"elementor-widget-container\">\n\t\t\t\t\t\t\t\t\t\t\t\t\t\t\t<img fetchpriority=\"high\" decoding=\"async\" width=\"300\" height=\"216\" src=\"https:\/\/ctab.tn\/wp-content\/uploads\/2025\/05\/Actualites-300x216.png\" class=\"attachment-medium size-medium wp-image-7323\" alt=\"\" srcset=\"https:\/\/ctab.tn\/wp-content\/uploads\/2025\/05\/Actualites-300x216.png 300w, https:\/\/ctab.tn\/wp-content\/uploads\/2025\/05\/Actualites-1024x736.png 1024w, https:\/\/ctab.tn\/wp-content\/uploads\/2025\/05\/Actualites-768x552.png 768w, https:\/\/ctab.tn\/wp-content\/uploads\/2025\/05\/Actualites-1536x1104.png 1536w, https:\/\/ctab.tn\/wp-content\/uploads\/2025\/05\/Actualites-18x12.png 18w, https:\/\/ctab.tn\/wp-content\/uploads\/2025\/05\/Actualites.png 1705w\" sizes=\"(max-width: 300px) 100vw, 300px\" \/>\t\t\t\t\t\t\t\t\t\t\t\t\t\t\t<\/div>\n\t\t\t\t<\/div>\n\t\t\t\t\t<\/div>\n\t\t\t\t<\/div>\n\t\t<div class=\"elementor-element elementor-element-f2449ef e-flex e-con-boxed e-con e-parent\" data-id=\"f2449ef\" data-element_type=\"container\" data-settings=\"{&quot;ekit_has_onepagescroll_dot&quot;:&quot;yes&quot;}\">\n\t\t\t\t\t<div class=\"e-con-inner\">\n\t\t\t\t<div class=\"elementor-element elementor-element-219872b elementor-widget elementor-widget-ucaddon_uc_icon_accordion\" data-id=\"219872b\" data-element_type=\"widget\" data-settings=\"{&quot;ekit_we_effect_on&quot;:&quot;none&quot;}\" data-widget_type=\"ucaddon_uc_icon_accordion.default\">\n\t\t\t\t<div class=\"elementor-widget-container\">\n\t\t\t\t\t\n<!-- start Icon Accordion -->\n\t\t<link id='font-awesome-css' href='https:\/\/ctab.tn\/wp-content\/plugins\/unlimited-elements-for-elementor-premium\/assets_libraries\/font-awesome6\/fontawesome-all.min.css' type='text\/css' rel='stylesheet' >\n\t\t<link id='font-awesome-4-shim-css' href='https:\/\/ctab.tn\/wp-content\/plugins\/unlimited-elements-for-elementor-premium\/assets_libraries\/font-awesome6\/fontawesome-v4-shims.min.css' type='text\/css' rel='stylesheet' >\n\n<style>\/* widget: Icon Accordion *\/\n\n#uc_uc_icon_accordion_elementor_219872b *{\n\tbox-sizing: border-box;\n}\n#uc_uc_icon_accordion_elementor_219872b .uc_container .uc-heading\n{\n\tcursor:pointer;\n    display:flex;\n    align-items:center;\n    transition:0.3s;\n}\n#uc_uc_icon_accordion_elementor_219872b .uc_container .uc-heading span.bbb\n{\n\tdisplay:block;\n\t\n}\n#uc_uc_icon_accordion_elementor_219872b .uc_ac_box.uc-item-active span.uc_dactive\n{\n\tdisplay:none;\n}\n#uc_uc_icon_accordion_elementor_219872b .uc_ac_box:not(.uc-item-active) span.uc_active\n{\n\tdisplay:none;\n}\n\n#uc_uc_icon_accordion_elementor_219872b .ue_icon_holder,\n#uc_uc_icon_accordion_elementor_219872b .ue_icon_spacing\n{\n  flex-grow:0;\n  flex-shrink:0; \n}\n#uc_uc_icon_accordion_elementor_219872b .uc_content{\n\tdisplay: none;\n}\n#uc_uc_icon_accordion_elementor_219872b .ue_icon\n{\n  display:flex;\n  justify-content:center;\n  align-items:center;\n  line-height:1em;\n  transition:0.3s;\n}\n\n#uc_uc_icon_accordion_elementor_219872b .ue_icon svg\n{\n  height:1em;\n  width:1em;\n}\n\n#uc_uc_icon_accordion_elementor_219872b .ue_expand_inside\n{\n  display:flex;\n  justify-content:center;\n  align-items:center;\n  line-height:1em;\n}\n\n#uc_uc_icon_accordion_elementor_219872b .ue_expand_inside svg\n{\n  height:1em;\n  width:1em;\n}\n\n#uc_uc_icon_accordion_elementor_219872b .ue_expand,\n#uc_uc_icon_accordion_elementor_219872b .ue_expand_spacing\n{\n  flex-grow:0;\n  flex-shrink:0;\n}\n\n#uc_uc_icon_accordion_elementor_219872b .ue_title\n{\n  flex-grow:1;\n}\n\n#uc_uc_icon_accordion_elementor_219872b .uc_ac_box:last-child\n{\n  margin-bottom:0px;\n}\n\n#uc_uc_icon_accordion_elementor_219872b .uc_ac_box\n{\n  overflow:hidden;\n}\n#uc_uc_icon_accordion_elementor_219872b_item1 .ue_icon\n{\n  background-color:;\n}\n\n#uc_uc_icon_accordion_elementor_219872b_item1 .uc-heading\n{\n  background-color:;\n}\n#uc_uc_icon_accordion_elementor_219872b_item2 .ue_icon\n{\n  background-color:;\n}\n\n#uc_uc_icon_accordion_elementor_219872b_item2 .uc-heading\n{\n  background-color:;\n}\n#uc_uc_icon_accordion_elementor_219872b_item3 .ue_icon\n{\n  background-color:;\n}\n\n#uc_uc_icon_accordion_elementor_219872b_item3 .uc-heading\n{\n  background-color:;\n}\n#uc_uc_icon_accordion_elementor_219872b_item4 .ue_icon\n{\n  background-color:;\n}\n\n#uc_uc_icon_accordion_elementor_219872b_item4 .uc-heading\n{\n  background-color:;\n}\n#uc_uc_icon_accordion_elementor_219872b_item5 .ue_icon\n{\n  background-color:;\n}\n\n#uc_uc_icon_accordion_elementor_219872b_item5 .uc-heading\n{\n  background-color:;\n}\n#uc_uc_icon_accordion_elementor_219872b_item6 .ue_icon\n{\n  background-color:;\n}\n\n#uc_uc_icon_accordion_elementor_219872b_item6 .uc-heading\n{\n  background-color:;\n}\n#uc_uc_icon_accordion_elementor_219872b_item7 .ue_icon\n{\n  background-color:;\n}\n\n#uc_uc_icon_accordion_elementor_219872b_item7 .uc-heading\n{\n  background-color:;\n}\n#uc_uc_icon_accordion_elementor_219872b_item8 .ue_icon\n{\n  background-color:;\n}\n\n#uc_uc_icon_accordion_elementor_219872b_item8 .uc-heading\n{\n  background-color:;\n}\n#uc_uc_icon_accordion_elementor_219872b_item9 .ue_icon\n{\n  background-color:;\n}\n\n#uc_uc_icon_accordion_elementor_219872b_item9 .uc-heading\n{\n  background-color:;\n}\n#uc_uc_icon_accordion_elementor_219872b_item10 .ue_icon\n{\n  background-color:;\n}\n\n#uc_uc_icon_accordion_elementor_219872b_item10 .uc-heading\n{\n  background-color:;\n}\n#uc_uc_icon_accordion_elementor_219872b_item11 .ue_icon\n{\n  background-color:;\n}\n\n#uc_uc_icon_accordion_elementor_219872b_item11 .uc-heading\n{\n  background-color:;\n}\n#uc_uc_icon_accordion_elementor_219872b_item12 .ue_icon\n{\n  background-color:;\n}\n\n#uc_uc_icon_accordion_elementor_219872b_item12 .uc-heading\n{\n  background-color:;\n}\n#uc_uc_icon_accordion_elementor_219872b_item13 .ue_icon\n{\n  background-color:;\n}\n\n#uc_uc_icon_accordion_elementor_219872b_item13 .uc-heading\n{\n  background-color:;\n}\n#uc_uc_icon_accordion_elementor_219872b_item14 .ue_icon\n{\n  background-color:;\n}\n\n#uc_uc_icon_accordion_elementor_219872b_item14 .uc-heading\n{\n  background-color:;\n}\n#uc_uc_icon_accordion_elementor_219872b_item15 .ue_icon\n{\n  background-color:;\n}\n\n#uc_uc_icon_accordion_elementor_219872b_item15 .uc-heading\n{\n  background-color:;\n}\n#uc_uc_icon_accordion_elementor_219872b_item16 .ue_icon\n{\n  background-color:;\n}\n\n#uc_uc_icon_accordion_elementor_219872b_item16 .uc-heading\n{\n  background-color:;\n}\n#uc_uc_icon_accordion_elementor_219872b_item17 .ue_icon\n{\n  background-color:;\n}\n\n#uc_uc_icon_accordion_elementor_219872b_item17 .uc-heading\n{\n  background-color:;\n}\n#uc_uc_icon_accordion_elementor_219872b_item18 .ue_icon\n{\n  background-color:;\n}\n\n#uc_uc_icon_accordion_elementor_219872b_item18 .uc-heading\n{\n  background-color:;\n}\n#uc_uc_icon_accordion_elementor_219872b_item19 .ue_icon\n{\n  background-color:;\n}\n\n#uc_uc_icon_accordion_elementor_219872b_item19 .uc-heading\n{\n  background-color:;\n}\n#uc_uc_icon_accordion_elementor_219872b_item20 .ue_icon\n{\n  background-color:;\n}\n\n#uc_uc_icon_accordion_elementor_219872b_item20 .uc-heading\n{\n  background-color:;\n}\n#uc_uc_icon_accordion_elementor_219872b_item21 .ue_icon\n{\n  background-color:;\n}\n\n#uc_uc_icon_accordion_elementor_219872b_item21 .uc-heading\n{\n  background-color:;\n}\n#uc_uc_icon_accordion_elementor_219872b_item22 .ue_icon\n{\n  background-color:;\n}\n\n#uc_uc_icon_accordion_elementor_219872b_item22 .uc-heading\n{\n  background-color:;\n}\n#uc_uc_icon_accordion_elementor_219872b_item23 .ue_icon\n{\n  background-color:;\n}\n\n#uc_uc_icon_accordion_elementor_219872b_item23 .uc-heading\n{\n  background-color:;\n}\n\n\n<\/style>\n\n<div class=\"uc_material_accordion \" id=\"uc_uc_icon_accordion_elementor_219872b\" data-name=\"\" data-closeothers=\"true\" >\n    \t<div class=\"uc_container\">\n            \n\n<div id=\"uc_uc_icon_accordion_elementor_219872b_item1\" class=\"uc_ac_box  elementor-repeater-item-5a1cd6e\">\n  <div class=\"uc-heading uc_trigger\">\n    \n        <div class=\"ue_icon_holder\">\n      <div class=\"ue_icon\"><i class='fas fa-leaf'><\/i><\/div>\n    <\/div>\n    <div class=\"ue_icon_spacing\"><\/div>\n        \n    <div class=\"ue_title\">Journ\u00e9e champ sur \u00ab la  culture de la tomate de saison en mode biologique \u00bb<\/div>\n    \n    \n        <div class=\"ue_expand_spacing\"><\/div>\n    <div class=\"ue_expand\">\n      <div class=\"ue_expand_inside\">\n      <span class=\"uc_dactive bbb ue_accordion_icon\" ><i class='fas fa-plus'><\/i><\/span>\n      <span class=\"uc_active bbb ue_accordion_icon\"><i class='fas fa-minus'><\/i><\/span>\n      <\/div>\n    <\/div>\n        \n  <\/div>\n  <!-- end of heading -->\n  \n  \n  <div class=\"uc_content\" >\n          <div style=\"text-align: justify; color: #000000;\"><div class=\"qwen-markdown-paragraph\"><p>Vendredi 24 Avril 2026 : Mr. Youssef AMOR Ing\u00e9nieur G\u00e9n\u00e9ral et Directeur de l\u2019Exp\u00e9rimentation et de la Communication au Centre Technique de l'Agriculture Biologique (CTAB) a particip\u00e9 \u00e0 l'animation d'une journ\u00e9e champ sur \u00ab\u00a0la \u00a0culture de la tomate de saison en mode biologique \u00bb, organis\u00e9e \u00a0par le Commissariat R\u00e9gional au D\u00e9veloppement Agricole (CRDA) de Nabeul : division de l\u2019Agriculture Biologique (DAB) dans le cadre du projet \u00ab BIOREST \u00bb et ce, dans une exploitation biologique \u00e0 B\u00e9ni Ayech d\u00e9l\u00e9gation de Korba, Gouvernorat de Nabeul et au profit d\u2019un groupe d\u2019agriculteurs.<\/p><p><img decoding=\"async\" class=\"size-medium wp-image-11191 aligncenter\" src=\"https:\/\/ctab.tn\/wp-content\/uploads\/2026\/04\/8-300x225.jpg\" alt=\"\" width=\"300\" height=\"225\" srcset=\"https:\/\/ctab.tn\/wp-content\/uploads\/2026\/04\/8-300x225.jpg 300w, https:\/\/ctab.tn\/wp-content\/uploads\/2026\/04\/8-1024x768.jpg 1024w, https:\/\/ctab.tn\/wp-content\/uploads\/2026\/04\/8-768x576.jpg 768w, https:\/\/ctab.tn\/wp-content\/uploads\/2026\/04\/8-1536x1152.jpg 1536w, https:\/\/ctab.tn\/wp-content\/uploads\/2026\/04\/8-16x12.jpg 16w, https:\/\/ctab.tn\/wp-content\/uploads\/2026\/04\/8.jpg 2048w\" sizes=\"(max-width: 300px) 100vw, 300px\" \/><\/p><\/div><\/div>\n     \n    \n     \n    \n  <\/div>\n<\/div>\n\n\n<div id=\"uc_uc_icon_accordion_elementor_219872b_item2\" class=\"uc_ac_box  elementor-repeater-item-e965de1\">\n  <div class=\"uc-heading uc_trigger\">\n    \n        <div class=\"ue_icon_holder\">\n      <div class=\"ue_icon\"><i class='fas fa-leaf'><\/i><\/div>\n    <\/div>\n    <div class=\"ue_icon_spacing\"><\/div>\n        \n    <div class=\"ue_title\">Visite de terrain dans une exploitation agricole biologique<\/div>\n    \n    \n        <div class=\"ue_expand_spacing\"><\/div>\n    <div class=\"ue_expand\">\n      <div class=\"ue_expand_inside\">\n      <span class=\"uc_dactive bbb ue_accordion_icon\" ><i class='fas fa-plus'><\/i><\/span>\n      <span class=\"uc_active bbb ue_accordion_icon\"><i class='fas fa-minus'><\/i><\/span>\n      <\/div>\n    <\/div>\n        \n  <\/div>\n  <!-- end of heading -->\n  \n  \n  <div class=\"uc_content\" >\n          <div style=\"text-align: justify; color: #000000;\"><div class=\"qwen-markdown-paragraph\"><p>Dans le cadre des activit\u00e9s du Centre Technique de l'Agriculture Biologique relatives \u00e0 l'encadrement technique des agriculteurs biologiques, une visite de terrain a \u00e9t\u00e9 effectu\u00e9e le 24 avril 2026 dans l'exploitation agricole biologique \u00ab Aloe Olea \u00bb, situ\u00e9e \u00e0 Takelsa, dans le gouvernorat de Nabeul.<\/p><p>Une inspection conjointe a \u00e9t\u00e9 r\u00e9alis\u00e9e en pr\u00e9sence des repr\u00e9sentants du Centre Technique de l'Agriculture Biologique : Salaheddine Souguir et Leila Ladheri, ainsi que d'une enseignante de l'Institut National des Sciences Agronomiques de Tunisie. Ils ont proc\u00e9d\u00e9 \u00e0 l'examen des cultures d'Aloe Vera et ont dispens\u00e9 les conseils techniques n\u00e9cessaires pour garantir une production de haute qualit\u00e9.<\/p><p><img decoding=\"async\" class=\"size-medium wp-image-11179 aligncenter\" src=\"https:\/\/ctab.tn\/wp-content\/uploads\/2026\/04\/9dc0ed27-d08f-4773-a24b-9327e070b404-300x225.jpg\" alt=\"\" width=\"300\" height=\"225\" srcset=\"https:\/\/ctab.tn\/wp-content\/uploads\/2026\/04\/9dc0ed27-d08f-4773-a24b-9327e070b404-300x225.jpg 300w, https:\/\/ctab.tn\/wp-content\/uploads\/2026\/04\/9dc0ed27-d08f-4773-a24b-9327e070b404-1024x768.jpg 1024w, https:\/\/ctab.tn\/wp-content\/uploads\/2026\/04\/9dc0ed27-d08f-4773-a24b-9327e070b404-768x576.jpg 768w, https:\/\/ctab.tn\/wp-content\/uploads\/2026\/04\/9dc0ed27-d08f-4773-a24b-9327e070b404-16x12.jpg 16w, https:\/\/ctab.tn\/wp-content\/uploads\/2026\/04\/9dc0ed27-d08f-4773-a24b-9327e070b404.jpg 1280w\" sizes=\"(max-width: 300px) 100vw, 300px\" \/><\/p><\/div><\/div>\n     \n    \n     \n    \n  <\/div>\n<\/div>\n\n\n<div id=\"uc_uc_icon_accordion_elementor_219872b_item3\" class=\"uc_ac_box  elementor-repeater-item-6dbe6b6\">\n  <div class=\"uc-heading uc_trigger\">\n    \n        <div class=\"ue_icon_holder\">\n      <div class=\"ue_icon\"><i class='fas fa-leaf'><\/i><\/div>\n    <\/div>\n    <div class=\"ue_icon_spacing\"><\/div>\n        \n    <div class=\"ue_title\">Suivi d\u2019un essai de terrain sur la fertilisation de l\u2019olivier \u00e0 huile en mode biologique<\/div>\n    \n    \n        <div class=\"ue_expand_spacing\"><\/div>\n    <div class=\"ue_expand\">\n      <div class=\"ue_expand_inside\">\n      <span class=\"uc_dactive bbb ue_accordion_icon\" ><i class='fas fa-plus'><\/i><\/span>\n      <span class=\"uc_active bbb ue_accordion_icon\"><i class='fas fa-minus'><\/i><\/span>\n      <\/div>\n    <\/div>\n        \n  <\/div>\n  <!-- end of heading -->\n  \n  \n  <div class=\"uc_content\" >\n          <div style=\"text-align: justify; color: #000000;\"><div class=\"qwen-markdown-paragraph\"><p>Jeudi 23 Avril 2026 : Suivi d\u2019un essai dans l\u2019exploitation biologique du Mr. Anoir Ayari \u00e0 Gaafour du Gouvernorat de Siliana, avec la collaboration et la coop\u00e9ration entre le Centre Technique de l'Agriculture Biologique (CTAB) et le Commissariat R\u00e9gional au D\u00e9veloppement Agricole (CRDA) de Siliana.<\/p><p>L\u2019essai consiste \u00e0 \u00e9tudier la fertilisation de l\u2019olivier \u00e0 huile (Vari\u00e9t\u00e9\u00a0: Chetoui) en mode biologique.<\/p><p>Durant cette journ\u00e9e, le diagnostic de la floraison et le pr\u00e9l\u00e8vement des \u00e9chantillons du sol, selon le protocole de l\u2019essai, pour analyse, ont \u00e9t\u00e9 r\u00e9alis\u00e9s.<\/p><p>Suivi et encadrements r\u00e9alis\u00e9s par :<\/p><p>- Youssef Amor : CTAB.<\/p><p><img loading=\"lazy\" decoding=\"async\" class=\" wp-image-11175 aligncenter\" src=\"https:\/\/ctab.tn\/wp-content\/uploads\/2026\/04\/4-150x300.jpg\" alt=\"\" width=\"97\" height=\"194\" srcset=\"https:\/\/ctab.tn\/wp-content\/uploads\/2026\/04\/4-150x300.jpg 150w, https:\/\/ctab.tn\/wp-content\/uploads\/2026\/04\/4-512x1024.jpg 512w, https:\/\/ctab.tn\/wp-content\/uploads\/2026\/04\/4-768x1536.jpg 768w, https:\/\/ctab.tn\/wp-content\/uploads\/2026\/04\/4-6x12.jpg 6w, https:\/\/ctab.tn\/wp-content\/uploads\/2026\/04\/4.jpg 1024w\" sizes=\"(max-width: 97px) 100vw, 97px\" \/><\/p><\/div><\/div>\n     \n    \n     \n    \n  <\/div>\n<\/div>\n\n\n<div id=\"uc_uc_icon_accordion_elementor_219872b_item4\" class=\"uc_ac_box  elementor-repeater-item-704905c\">\n  <div class=\"uc-heading uc_trigger\">\n    \n        <div class=\"ue_icon_holder\">\n      <div class=\"ue_icon\"><i class='fas fa-leaf'><\/i><\/div>\n    <\/div>\n    <div class=\"ue_icon_spacing\"><\/div>\n        \n    <div class=\"ue_title\">Visite d\u2019une d\u00e9l\u00e9gation de l\u2019Universit\u00e9 de M\u00e9decine Traditionnelle Chinoise de Jiangxi<\/div>\n    \n    \n        <div class=\"ue_expand_spacing\"><\/div>\n    <div class=\"ue_expand\">\n      <div class=\"ue_expand_inside\">\n      <span class=\"uc_dactive bbb ue_accordion_icon\" ><i class='fas fa-plus'><\/i><\/span>\n      <span class=\"uc_active bbb ue_accordion_icon\"><i class='fas fa-minus'><\/i><\/span>\n      <\/div>\n    <\/div>\n        \n  <\/div>\n  <!-- end of heading -->\n  \n  \n  <div class=\"uc_content\" >\n          <div style=\"text-align: justify; color: #000000;\"><div class=\"qwen-markdown-paragraph\"><p>Dans le cadre du renforcement de la coop\u00e9ration internationale entre le Centre Technique de l'Agriculture Biologique et l'Association Tunisienne des Plantes M\u00e9dicinales, d'une part, et l'Universit\u00e9 de Jiangxi sp\u00e9cialis\u00e9e en m\u00e9decine traditionnelle chinoise, d'autre part, et afin de consolider l'int\u00e9gration institutionnelle entre le Minist\u00e8re de l'Agriculture, des Ressources Hydrauliques et de la P\u00eache et le Minist\u00e8re de la Sant\u00e9, ainsi que l'ensemble de leurs structures techniques et de recherche, le directeur g\u00e9n\u00e9ral du Centre Technique de l'Agriculture Biologique, le pr\u00e9sident de l'Association des Plantes M\u00e9dicinales, ainsi que plusieurs cadres du centre, chercheurs et professeurs en pharmacie, ont accueilli la d\u00e9l\u00e9gation chinoise dirig\u00e9e par le directeur de l'Universit\u00e9 de Jiangxi et compos\u00e9e de plusieurs experts et chercheurs de l'universit\u00e9.<\/p><p>Lors de cette rencontre, les activit\u00e9s du Centre Technique de l'Agriculture Biologique ont \u00e9t\u00e9 pr\u00e9sent\u00e9es, ainsi que son exp\u00e9rience dans le domaine des plantes m\u00e9dicinales et aromatiques. La richesse du patrimoine g\u00e9n\u00e9tique national en mati\u00e8re de plantes m\u00e9dicinales a \u00e9galement \u00e9t\u00e9 mise en avant, et les voies de coop\u00e9ration ont \u00e9t\u00e9 explor\u00e9es en vue de la conclusion d'un accord tripartite encadrant l'ensemble de la cha\u00eene de production, de collecte et de s\u00e9chage des plantes m\u00e9dicinales et aromatiques biologiques en Tunisie, conform\u00e9ment aux normes et r\u00e9glementations sanitaires et pharmaceutiques en vigueur.<\/p><p>\u00c0 l'issue de cette r\u00e9union, la d\u00e9l\u00e9gation a visit\u00e9 la station exp\u00e9rimentale du centre, o\u00f9 elle a pu d\u00e9couvrir les travaux men\u00e9s en mati\u00e8re de culture de plantes m\u00e9dicinales et aromatiques.<\/p><p>Cette rencontre a constitu\u00e9 une opportunit\u00e9 pr\u00e9cieuse d'\u00e9change d'expertises entre les parties tunisienne et chinoise, ainsi qu'une ouverture vers un renforcement de la coop\u00e9ration entre les structures relevant des deux minist\u00e8res. L'objectif est d'assurer la coh\u00e9rence des \u00e9tapes de production avec les crit\u00e8res de qualit\u00e9 et de s\u00e9curit\u00e9 sanitaire, afin d'am\u00e9liorer la qualit\u00e9 de ces plantes et d'optimiser les retomb\u00e9es \u00e9conomiques et scientifiques de leurs principes actifs, dans le cadre d'une vision nationale unifi\u00e9e alliant durabilit\u00e9 agricole et valorisation sanitaire.<\/p><p><img loading=\"lazy\" decoding=\"async\" class=\" wp-image-11153 aligncenter\" src=\"https:\/\/ctab.tn\/wp-content\/uploads\/2026\/04\/da7ba856-5645-4f29-825e-13efb8a5a040-300x135.jpg\" alt=\"\" width=\"284\" height=\"128\" srcset=\"https:\/\/ctab.tn\/wp-content\/uploads\/2026\/04\/da7ba856-5645-4f29-825e-13efb8a5a040-300x135.jpg 300w, https:\/\/ctab.tn\/wp-content\/uploads\/2026\/04\/da7ba856-5645-4f29-825e-13efb8a5a040-1024x461.jpg 1024w, https:\/\/ctab.tn\/wp-content\/uploads\/2026\/04\/da7ba856-5645-4f29-825e-13efb8a5a040-768x345.jpg 768w, https:\/\/ctab.tn\/wp-content\/uploads\/2026\/04\/da7ba856-5645-4f29-825e-13efb8a5a040-1536x691.jpg 1536w, https:\/\/ctab.tn\/wp-content\/uploads\/2026\/04\/da7ba856-5645-4f29-825e-13efb8a5a040-18x8.jpg 18w, https:\/\/ctab.tn\/wp-content\/uploads\/2026\/04\/da7ba856-5645-4f29-825e-13efb8a5a040.jpg 2048w\" sizes=\"(max-width: 284px) 100vw, 284px\" \/><\/p><\/div><\/div>\n     \n    \n     \n    \n  <\/div>\n<\/div>\n\n\n<div id=\"uc_uc_icon_accordion_elementor_219872b_item5\" class=\"uc_ac_box  elementor-repeater-item-72a0664\">\n  <div class=\"uc-heading uc_trigger\">\n    \n        <div class=\"ue_icon_holder\">\n      <div class=\"ue_icon\"><i class='fas fa-leaf'><\/i><\/div>\n    <\/div>\n    <div class=\"ue_icon_spacing\"><\/div>\n        \n    <div class=\"ue_title\">Assistance et encadrement technique des visites organis\u00e9es au Centre Technique de l\u2019Agriculture Biologique (CTAB)<\/div>\n    \n    \n        <div class=\"ue_expand_spacing\"><\/div>\n    <div class=\"ue_expand\">\n      <div class=\"ue_expand_inside\">\n      <span class=\"uc_dactive bbb ue_accordion_icon\" ><i class='fas fa-plus'><\/i><\/span>\n      <span class=\"uc_active bbb ue_accordion_icon\"><i class='fas fa-minus'><\/i><\/span>\n      <\/div>\n    <\/div>\n        \n  <\/div>\n  <!-- end of heading -->\n  \n  \n  <div class=\"uc_content\" >\n          <div style=\"text-align: justify; color: #000000;\"><div class=\"qwen-markdown-paragraph\"><p><strong>Date :<\/strong>\u00a0Mardi 21 Avril 2026<br \/><strong>Visiteurs :<\/strong>\u00a0Un groupe d'\u00e9tudiants de 1\u00e8re ann\u00e9e de Master Professionnel en Techniques Alimentaires de l'Institut Sup\u00e9rieur des Sciences Appliqu\u00e9es et de Technologie de Mahdia.<br \/><strong>Sujet :<\/strong>\u00a0Pr\u00e9sentation des bases et principes de l'agriculture biologique et visite de laboratoire d'analyse des r\u00e9sidus de pesticides et contaminants.<br \/><strong>Encadrement :<\/strong>\u00a0Salaheddine SOUGUIR &amp; Dalel MELKI.<\/p><p><img loading=\"lazy\" decoding=\"async\" class=\"size-medium wp-image-11148 aligncenter\" src=\"https:\/\/ctab.tn\/wp-content\/uploads\/2026\/04\/671407458_1530269015044076_5961939071977528984_n-225x300.jpg\" alt=\"\" width=\"225\" height=\"300\" srcset=\"https:\/\/ctab.tn\/wp-content\/uploads\/2026\/04\/671407458_1530269015044076_5961939071977528984_n-225x300.jpg 225w, https:\/\/ctab.tn\/wp-content\/uploads\/2026\/04\/671407458_1530269015044076_5961939071977528984_n-768x1024.jpg 768w, https:\/\/ctab.tn\/wp-content\/uploads\/2026\/04\/671407458_1530269015044076_5961939071977528984_n-1152x1536.jpg 1152w, https:\/\/ctab.tn\/wp-content\/uploads\/2026\/04\/671407458_1530269015044076_5961939071977528984_n-9x12.jpg 9w, https:\/\/ctab.tn\/wp-content\/uploads\/2026\/04\/671407458_1530269015044076_5961939071977528984_n.jpg 1536w\" sizes=\"(max-width: 225px) 100vw, 225px\" \/><\/p><\/div><\/div>\n     \n    \n     \n    \n  <\/div>\n<\/div>\n\n\n<div id=\"uc_uc_icon_accordion_elementor_219872b_item6\" class=\"uc_ac_box  elementor-repeater-item-8ea803f\">\n  <div class=\"uc-heading uc_trigger\">\n    \n        <div class=\"ue_icon_holder\">\n      <div class=\"ue_icon\"><i class='fas fa-leaf'><\/i><\/div>\n    <\/div>\n    <div class=\"ue_icon_spacing\"><\/div>\n        \n    <div class=\"ue_title\">Suivi d\u2019un essai de terrain sur l\u2019adaptation de la culture de la tomate cerise de saison en mode biodynamique<\/div>\n    \n    \n        <div class=\"ue_expand_spacing\"><\/div>\n    <div class=\"ue_expand\">\n      <div class=\"ue_expand_inside\">\n      <span class=\"uc_dactive bbb ue_accordion_icon\" ><i class='fas fa-plus'><\/i><\/span>\n      <span class=\"uc_active bbb ue_accordion_icon\"><i class='fas fa-minus'><\/i><\/span>\n      <\/div>\n    <\/div>\n        \n  <\/div>\n  <!-- end of heading -->\n  \n  \n  <div class=\"uc_content\" >\n          <div style=\"text-align: justify; color: #000000;\"><div class=\"qwen-markdown-paragraph\"><p>Lundi 20 Avril 2026 : Suivi d\u2019un essai dans l\u2019exploitation du Mme. Hana Ben Hrize \u00e0 Tabarka du Gouvernorat de Jendouba, avec la collaboration et la coop\u00e9ration entre le Centre Technique de l'Agriculture Biologique (CTAB) et le Commissariat R\u00e9gional au D\u00e9veloppement Agricole (CRDA) de Jendouba.<\/p><p>L\u2019essai consiste \u00e0 \u00e9tudier l\u2019adaptation de la culture de la tomate cerise de saison en mode biodynamique.<\/p><p>Durant cette journ\u00e9e, l\u2019\u00e9pandage du compost puis la plantation de la culture et l\u2019\u00e9pandage de la pr\u00e9paration 500 selon le protocole de l\u2019essai ont \u00e9t\u00e9 r\u00e9alis\u00e9s.<\/p><p>Suivi et encadrements r\u00e9alis\u00e9s par :<\/p><p>- Youssef Amor : CTAB.<\/p><p>- Sana Othmani : CRDA Jendouba.<\/p><p><img loading=\"lazy\" decoding=\"async\" class=\"size-medium wp-image-11184 aligncenter\" src=\"https:\/\/ctab.tn\/wp-content\/uploads\/2026\/04\/7-225x300.jpg\" alt=\"\" width=\"225\" height=\"300\" srcset=\"https:\/\/ctab.tn\/wp-content\/uploads\/2026\/04\/7-225x300.jpg 225w, https:\/\/ctab.tn\/wp-content\/uploads\/2026\/04\/7-768x1024.jpg 768w, https:\/\/ctab.tn\/wp-content\/uploads\/2026\/04\/7-1152x1536.jpg 1152w, https:\/\/ctab.tn\/wp-content\/uploads\/2026\/04\/7-9x12.jpg 9w, https:\/\/ctab.tn\/wp-content\/uploads\/2026\/04\/7.jpg 1536w\" sizes=\"(max-width: 225px) 100vw, 225px\" \/><\/p><\/div><\/div>\n     \n    \n     \n    \n  <\/div>\n<\/div>\n\n\n<div id=\"uc_uc_icon_accordion_elementor_219872b_item7\" class=\"uc_ac_box  elementor-repeater-item-2a285f9\">\n  <div class=\"uc-heading uc_trigger\">\n    \n        <div class=\"ue_icon_holder\">\n      <div class=\"ue_icon\"><i class='fas fa-leaf'><\/i><\/div>\n    <\/div>\n    <div class=\"ue_icon_spacing\"><\/div>\n        \n    <div class=\"ue_title\">Salon International de l'Agriculture Biologique et des Industries Alimentaires<\/div>\n    \n    \n        <div class=\"ue_expand_spacing\"><\/div>\n    <div class=\"ue_expand\">\n      <div class=\"ue_expand_inside\">\n      <span class=\"uc_dactive bbb ue_accordion_icon\" ><i class='fas fa-plus'><\/i><\/span>\n      <span class=\"uc_active bbb ue_accordion_icon\"><i class='fas fa-minus'><\/i><\/span>\n      <\/div>\n    <\/div>\n        \n  <\/div>\n  <!-- end of heading -->\n  \n  \n  <div class=\"uc_content\" >\n          <div style=\"text-align: justify; color: #000000;\"><div class=\"qwen-markdown-paragraph\"><p>Dans le cadre de la mise en \u0153uvre du programme de son travail relatif \u00e0 ses strat\u00e9gies de communication, et de sa pr\u00e9sence active dans les manifestations nationales, le Centre Technique de l'Agriculture Biologique a brillamment particip\u00e9 \u00e0 la 16\u1d49 \u00e9dition du Salon International de l'Agriculture Biologique et des Industries Alimentaires, organis\u00e9 au si\u00e8ge de l'UTICA (Union Tunisienne de l'Industrie, du Commerce et de l'Artisanat) \u00e0 Tunis, du 16 au 18 avril 2026.<\/p><p>Cette participation a vis\u00e9 \u00e0 consolider le r\u00f4le du Centre en tant qu\u2019un p\u00f4le de r\u00e9f\u00e9rence dans le domaine de l'agriculture biologique, \u00e0 travers :<\/p><ul><li>La pr\u00e9sentation de ses missions et activit\u00e9s, et le renforcement de sa position de partenaire strat\u00e9gique dans l'accompagnement de la transition vers des syst\u00e8mes de production durables.<\/li><li>La diffusion des principes et bases de l'agriculture biologique aupr\u00e8s des agriculteurs, des professionnels et des consommateurs, en ad\u00e9quation avec les orientations nationales port\u00e9es par le Minist\u00e8re de l'Agriculture, des Ressources Hydrauliques et de la P\u00eache.<\/li><li>Le renforcement du rayonnement du Centre aux niveaux national, via l'ouverture de canaux de dialogue avec les acteurs de la fili\u00e8re biologique et l'attraction de nouveaux partenariats favorisant l'innovation et le transfert de connaissances.<\/li><li>L'accueil de visiteurs (professionnels, agriculteurs, \u00e9tudiants et consommateurs) et la r\u00e9ponse \u00e0 leurs interrogations par les cadres sp\u00e9cialis\u00e9s du Centre, ce qui a renforc\u00e9 la confiance dans le label biologique tunisien et ouvert des perspectives de collaboration sur le terrain.<\/li><\/ul><p>Dans le cadre des activit\u00e9s scientifiques organis\u00e9es en marge du Salon, le Centre a apport\u00e9 des contributions de qualit\u00e9 refl\u00e9tant son engagement en faveur de l'inclusion et de l'\u00e9ducation \u00e0 la consommation consciente :<\/p><p>\u00a0\ud83d\udd39 Intervention scientifique sur le genre : Mme Faten Ksouri Mansour a pr\u00e9sent\u00e9 une communication intitul\u00e9e <em>\u00ab Le genre dans les interventions du Centre Technique de l'Agriculture Biologique \u00bb<\/em>, dans le cadre de l'atelier <em>\u00ab La femme rurale et l'agriculture biologique : un levier pour la transition vers une agriculture durable \u00bb<\/em>. Elle a mis en lumi\u00e8re le r\u00f4le essentiel des femmes dans la cha\u00eene de valeur biologique ainsi que les efforts du Centre pour leur encadrement et formation technique et \u00e9conomique.<\/p><p>\ud83d\udd39 Atelier interactif pour enfants et d\u00e9gustation de produits biologiques : M. Hatem Chehidi a anim\u00e9 un atelier p\u00e9dagogique destin\u00e9 aux enfants, alliant sensibilisation \u00e0 l'importance d'une alimentation saine et d\u00e9gustation directe de produits biologiques tunisiens. Une initiative proactive visant \u00e0 inculquer une culture de consommation responsable aux jeunes g\u00e9n\u00e9rations.<\/p><p>Cette participation a ainsi constitu\u00e9 une \u00e9tape majeure dans le renforcement de la vision strat\u00e9gique du Centre pour la promotion des produits biologiques, et dans la consolidation de son r\u00f4le de pont entre la recherche scientifique et la recherche appliqu\u00e9e. Elle a \u00e9galement permis d'\u00e9largir son r\u00e9seau de partenaires, de sensibiliser davantage la soci\u00e9t\u00e9 civile aux avantages de la production et de la consommation biologiques, et de renforcer la position de la Tunisie comme destination prometteuse dans le secteur des industries alimentaires biologiques durables.<\/p><p><img loading=\"lazy\" decoding=\"async\" class=\" wp-image-11138 aligncenter\" src=\"https:\/\/ctab.tn\/wp-content\/uploads\/2026\/04\/672136505_1371078398391164_4324940635828853797_n-300x225.jpg\" alt=\"\" width=\"243\" height=\"182\" srcset=\"https:\/\/ctab.tn\/wp-content\/uploads\/2026\/04\/672136505_1371078398391164_4324940635828853797_n-300x225.jpg 300w, https:\/\/ctab.tn\/wp-content\/uploads\/2026\/04\/672136505_1371078398391164_4324940635828853797_n-1024x769.jpg 1024w, https:\/\/ctab.tn\/wp-content\/uploads\/2026\/04\/672136505_1371078398391164_4324940635828853797_n-768x576.jpg 768w, https:\/\/ctab.tn\/wp-content\/uploads\/2026\/04\/672136505_1371078398391164_4324940635828853797_n-1536x1153.jpg 1536w, https:\/\/ctab.tn\/wp-content\/uploads\/2026\/04\/672136505_1371078398391164_4324940635828853797_n-16x12.jpg 16w, https:\/\/ctab.tn\/wp-content\/uploads\/2026\/04\/672136505_1371078398391164_4324940635828853797_n.jpg 2048w\" sizes=\"(max-width: 243px) 100vw, 243px\" \/><\/p><\/div><\/div>\n     \n    \n     \n    \n  <\/div>\n<\/div>\n\n\n<div id=\"uc_uc_icon_accordion_elementor_219872b_item8\" class=\"uc_ac_box  elementor-repeater-item-b9090dc\">\n  <div class=\"uc-heading uc_trigger\">\n    \n        <div class=\"ue_icon_holder\">\n      <div class=\"ue_icon\"><i class='fas fa-leaf'><\/i><\/div>\n    <\/div>\n    <div class=\"ue_icon_spacing\"><\/div>\n        \n    <div class=\"ue_title\">Atelier de travail sur \" l\u2019Agriculture Biodynamique\"<\/div>\n    \n    \n        <div class=\"ue_expand_spacing\"><\/div>\n    <div class=\"ue_expand\">\n      <div class=\"ue_expand_inside\">\n      <span class=\"uc_dactive bbb ue_accordion_icon\" ><i class='fas fa-plus'><\/i><\/span>\n      <span class=\"uc_active bbb ue_accordion_icon\"><i class='fas fa-minus'><\/i><\/span>\n      <\/div>\n    <\/div>\n        \n  <\/div>\n  <!-- end of heading -->\n  \n  \n  <div class=\"uc_content\" >\n          <div style=\"text-align: justify; color: #000000;\"><div class=\"qwen-markdown-paragraph\"><p>Youssef AMOR, Ing\u00e9nieur g\u00e9n\u00e9ral et Directeur de l\u2019exp\u00e9rimentation et de la communication au Centre Technique de l\u2019Agriculture Biologique (CTAB), a particip\u00e9 \u00e0 un atelier de travail au profit d\u2019un groupe d\u2019agriculteurs et de techniciens sur \" l\u2019Agriculture biodynamique\". Cet atelier a \u00e9t\u00e9 organis\u00e9 par \u00ab\u00a0L\u2019Association Tunisi\u00e8nee de l\u2019Agriculture Biodynamique\u00a0\u00bb et r\u00e9alis\u00e9 dans le cadre du projet \"Acquisition et d\u00e9veloppement de comp\u00e9tences pour le renforcement de l'agriculture biodynamique en Tunisie\" que GOPA AFC met en \u0153uvre avec Merckens Development Support GmbH.<\/p><p>Ce projet est une initiative du programme Deutsche Gesellschaft f\u00fcr Internationale Zusammenarbeit GmbH (GIZ) \"Alliance pour la qualit\u00e9 des produits en Afrique\".<\/p><p>Date et lieu : 14 Avril 2026 \u00e0 l\u2019exploitation biodynamqie de M. Naceur Elkotti \u00e0 Blettech d\u00e9l\u00e9gation d\u2019Elhencha Gouvernorat de Sfax.<\/p><p><img loading=\"lazy\" decoding=\"async\" class=\"size-medium wp-image-11088 aligncenter\" src=\"https:\/\/ctab.tn\/wp-content\/uploads\/2026\/04\/1-1-300x225.jpg\" alt=\"\" width=\"300\" height=\"225\" srcset=\"https:\/\/ctab.tn\/wp-content\/uploads\/2026\/04\/1-1-300x225.jpg 300w, https:\/\/ctab.tn\/wp-content\/uploads\/2026\/04\/1-1-16x12.jpg 16w, https:\/\/ctab.tn\/wp-content\/uploads\/2026\/04\/1-1.jpg 720w\" sizes=\"(max-width: 300px) 100vw, 300px\" \/><\/p><\/div><\/div>\n     \n    \n     \n    \n  <\/div>\n<\/div>\n\n\n<div id=\"uc_uc_icon_accordion_elementor_219872b_item9\" class=\"uc_ac_box  elementor-repeater-item-3c5b2dd\">\n  <div class=\"uc-heading uc_trigger\">\n    \n        <div class=\"ue_icon_holder\">\n      <div class=\"ue_icon\"><i class='fas fa-leaf'><\/i><\/div>\n    <\/div>\n    <div class=\"ue_icon_spacing\"><\/div>\n        \n    <div class=\"ue_title\">Installation d\u2019un essai de terrain sur l\u2019adaptation des cultures maraich\u00e8res en mode biologique<\/div>\n    \n    \n        <div class=\"ue_expand_spacing\"><\/div>\n    <div class=\"ue_expand\">\n      <div class=\"ue_expand_inside\">\n      <span class=\"uc_dactive bbb ue_accordion_icon\" ><i class='fas fa-plus'><\/i><\/span>\n      <span class=\"uc_active bbb ue_accordion_icon\"><i class='fas fa-minus'><\/i><\/span>\n      <\/div>\n    <\/div>\n        \n  <\/div>\n  <!-- end of heading -->\n  \n  \n  <div class=\"uc_content\" >\n          <div style=\"text-align: justify; color: #000000;\"><div class=\"qwen-markdown-paragraph\"><p>Lundi 13 Avril 2026 : installation d\u2019un essai dans l\u2019exploitation du Mr. Habib H'lel \u00e0 Hedadra du Gouvernorat de Monastir, avec la collaboration et la coop\u00e9ration entre le Centre Technique de l'Agriculture Biologique (CTAB) et le Commissariat R\u00e9gional au D\u00e9veloppement Agricole (CRDA) de Monastir.<\/p><p>L\u2019essai consiste \u00e0 \u00e9tudier l\u2019adaptation des cultures maraich\u00e8res de saison (Tomate et piment) en mode biologique.<\/p><p>Durant cette journ\u00e9e, la d\u00e9limitation de la parcelle de l\u2019essai ainsi que des \u00e9chantillons du sol et du compost ont \u00e9t\u00e9s pr\u00e9lev\u00e9s, selon le protocole de l\u2019essai, pour analyse.<\/p><p>Suivi et encadrements r\u00e9alis\u00e9s par :<\/p><p>- Youssef Amor : CTAB.<\/p><p><img loading=\"lazy\" decoding=\"async\" class=\" wp-image-11078 aligncenter\" src=\"https:\/\/ctab.tn\/wp-content\/uploads\/2026\/04\/1-169x300.jpg\" alt=\"\" width=\"192\" height=\"341\" srcset=\"https:\/\/ctab.tn\/wp-content\/uploads\/2026\/04\/1-169x300.jpg 169w, https:\/\/ctab.tn\/wp-content\/uploads\/2026\/04\/1-7x12.jpg 7w, https:\/\/ctab.tn\/wp-content\/uploads\/2026\/04\/1.jpg 540w\" sizes=\"(max-width: 192px) 100vw, 192px\" \/><\/p><\/div><\/div>\n     \n    \n     \n    \n  <\/div>\n<\/div>\n\n\n<div id=\"uc_uc_icon_accordion_elementor_219872b_item10\" class=\"uc_ac_box  elementor-repeater-item-f6c4e17\">\n  <div class=\"uc-heading uc_trigger\">\n    \n        <div class=\"ue_icon_holder\">\n      <div class=\"ue_icon\"><i class='fas fa-leaf'><\/i><\/div>\n    <\/div>\n    <div class=\"ue_icon_spacing\"><\/div>\n        \n    <div class=\"ue_title\">Animation de deux sessions de formation au profit de groupes de femmes en milieu rural<\/div>\n    \n    \n        <div class=\"ue_expand_spacing\"><\/div>\n    <div class=\"ue_expand\">\n      <div class=\"ue_expand_inside\">\n      <span class=\"uc_dactive bbb ue_accordion_icon\" ><i class='fas fa-plus'><\/i><\/span>\n      <span class=\"uc_active bbb ue_accordion_icon\"><i class='fas fa-minus'><\/i><\/span>\n      <\/div>\n    <\/div>\n        \n  <\/div>\n  <!-- end of heading -->\n  \n  \n  <div class=\"uc_content\" >\n          <div style=\"text-align: justify; color: #000000;\"><div class=\"qwen-markdown-paragraph\"><p>Le Centre Technique de l'Agriculture Biologique a anim\u00e9 deux sessions de formation organis\u00e9es en collaboration avec la Division d'Appui \u00e0 la Femme en Milieu Rural au Commissariat R\u00e9gional au D\u00e9veloppement Agricole de Gafsa.<\/p><p>Ces formations ont port\u00e9 sur :<\/p><ul><li>\u00ab Transformation, valorisation et commercialisation des plantes aromatiques et m\u00e9dicinales selon le mode biologique \u00bb, \u00e0 El Mdhila ;<\/li><li>\u00ab Techniques de production du compost \u00bb, \u00e0 Bouomrane (El Guettar).<\/li><\/ul><p>Ces activit\u00e9s se sont d\u00e9roul\u00e9es les 07 et 08 avril 2026 au profit des groupements de femmes en milieu rural.<\/p><p>Les sessions ont \u00e9t\u00e9 anim\u00e9es par l'ing\u00e9nieur Salaheddine SOUGUIR et l'ing\u00e9nieure Hanem GRISSA.<\/p><p><img loading=\"lazy\" decoding=\"async\" class=\"size-medium wp-image-11068 aligncenter\" src=\"https:\/\/ctab.tn\/wp-content\/uploads\/2026\/04\/668829632_3026170307593040_6445141658207380918_n-300x169.jpg\" alt=\"\" width=\"300\" height=\"169\" srcset=\"https:\/\/ctab.tn\/wp-content\/uploads\/2026\/04\/668829632_3026170307593040_6445141658207380918_n-300x169.jpg 300w, https:\/\/ctab.tn\/wp-content\/uploads\/2026\/04\/668829632_3026170307593040_6445141658207380918_n-1024x577.jpg 1024w, https:\/\/ctab.tn\/wp-content\/uploads\/2026\/04\/668829632_3026170307593040_6445141658207380918_n-768x432.jpg 768w, https:\/\/ctab.tn\/wp-content\/uploads\/2026\/04\/668829632_3026170307593040_6445141658207380918_n-1536x865.jpg 1536w, https:\/\/ctab.tn\/wp-content\/uploads\/2026\/04\/668829632_3026170307593040_6445141658207380918_n-18x10.jpg 18w, https:\/\/ctab.tn\/wp-content\/uploads\/2026\/04\/668829632_3026170307593040_6445141658207380918_n.jpg 2048w\" sizes=\"(max-width: 300px) 100vw, 300px\" \/><\/p><\/div><\/div>\n     \n    \n     \n    \n  <\/div>\n<\/div>\n\n\n<div id=\"uc_uc_icon_accordion_elementor_219872b_item11\" class=\"uc_ac_box  elementor-repeater-item-012daaf\">\n  <div class=\"uc-heading uc_trigger\">\n    \n        <div class=\"ue_icon_holder\">\n      <div class=\"ue_icon\"><i class='fas fa-leaf'><\/i><\/div>\n    <\/div>\n    <div class=\"ue_icon_spacing\"><\/div>\n        \n    <div class=\"ue_title\">Participation \u00e0 une r\u00e9union de travail<\/div>\n    \n    \n        <div class=\"ue_expand_spacing\"><\/div>\n    <div class=\"ue_expand\">\n      <div class=\"ue_expand_inside\">\n      <span class=\"uc_dactive bbb ue_accordion_icon\" ><i class='fas fa-plus'><\/i><\/span>\n      <span class=\"uc_active bbb ue_accordion_icon\"><i class='fas fa-minus'><\/i><\/span>\n      <\/div>\n    <\/div>\n        \n  <\/div>\n  <!-- end of heading -->\n  \n  \n  <div class=\"uc_content\" >\n          <div style=\"text-align: justify; color: #000000;\"><div class=\"qwen-markdown-paragraph\"><p>Le Centre Technique de l\u2019Agriculture Biologique a particip\u00e9, le lundi 06 avril 2026, \u00e0 un atelier de travail organis\u00e9 au sein de la Direction G\u00e9n\u00e9rale de l\u2019Agriculture Biologique. Cet \u00e9change a permis de discuter de l\u2019organisation d\u2019un atelier qui se tiendra le 17 avril 2026, dans le cadre du salon Bio Expo 2026, autour du th\u00e8me : \u00ab Le r\u00f4le de la femme rurale comme moteur de transition vers une agriculture biologique et durable \u00bb.<\/p><p><img loading=\"lazy\" decoding=\"async\" class=\"size-medium wp-image-11057 aligncenter\" src=\"https:\/\/ctab.tn\/wp-content\/uploads\/2026\/04\/DGAB-04042026-300x212.png\" alt=\"\" width=\"300\" height=\"212\" srcset=\"https:\/\/ctab.tn\/wp-content\/uploads\/2026\/04\/DGAB-04042026-300x212.png 300w, https:\/\/ctab.tn\/wp-content\/uploads\/2026\/04\/DGAB-04042026-18x12.png 18w, https:\/\/ctab.tn\/wp-content\/uploads\/2026\/04\/DGAB-04042026.png 593w\" sizes=\"(max-width: 300px) 100vw, 300px\" \/><\/p><\/div><\/div>\n     \n    \n     \n    \n  <\/div>\n<\/div>\n\n\n<div id=\"uc_uc_icon_accordion_elementor_219872b_item12\" class=\"uc_ac_box  elementor-repeater-item-9d9a8dd\">\n  <div class=\"uc-heading uc_trigger\">\n    \n        <div class=\"ue_icon_holder\">\n      <div class=\"ue_icon\"><i class='fas fa-leaf'><\/i><\/div>\n    <\/div>\n    <div class=\"ue_icon_spacing\"><\/div>\n        \n    <div class=\"ue_title\">Visites de prospection en vue de la cr\u00e9ation d\u2019unit\u00e9s pilotes de production de compost dans le gouvernorat de Zaghouan<\/div>\n    \n    \n        <div class=\"ue_expand_spacing\"><\/div>\n    <div class=\"ue_expand\">\n      <div class=\"ue_expand_inside\">\n      <span class=\"uc_dactive bbb ue_accordion_icon\" ><i class='fas fa-plus'><\/i><\/span>\n      <span class=\"uc_active bbb ue_accordion_icon\"><i class='fas fa-minus'><\/i><\/span>\n      <\/div>\n    <\/div>\n        \n  <\/div>\n  <!-- end of heading -->\n  \n  \n  <div class=\"uc_content\" >\n          <div style=\"text-align: justify; color: #000000;\"><div class=\"qwen-markdown-paragraph\"><p>Le Centre Technique de l\u2019Agriculture Biologique a effectu\u00e9, les 2 et 3 avril 2026, des visites de terrain de prospection et d\u2019investigation, repr\u00e9sent\u00e9 par Madame Hanem Grissa et Monsieur Haythem El-Ouaer. Ces visites ont concern\u00e9 un ensemble de sites propos\u00e9s par les Groupements de D\u00e9veloppement Agricole (GDA) cibl\u00e9s par le projet de d\u00e9veloppement et de promotion des fili\u00e8res agricoles \u00e0 Zaghouan (PDPFA-ZG).<\/p><p>L\u2019objectif de ces missions \u00e9tait de s\u00e9lectionner les sites les plus appropri\u00e9s pour la mise en place d\u2019unit\u00e9s pilotes de production de compost, \u00e9quip\u00e9es de mat\u00e9riels sp\u00e9cifiques, dans chaque zone agricole destin\u00e9e \u00e0 \u00eatre convertie vers le mode de production biologique, notamment \u00e0 Oued El Ghrane et Teba\u00efnia (d\u00e9l\u00e9gation de Zaghouan), ainsi qu\u2019\u00e0 Zriba El Alia et Jlass (d\u00e9l\u00e9gation de Zriba).<\/p><p>Ces visites ont \u00e9t\u00e9 organis\u00e9es en partenariat avec la division de l\u2019agriculture biologique du Commissariat R\u00e9gional au D\u00e9veloppement Agricole (CRDA) de Zaghouan, avec la participation des coordinateurs et animateurs du projet, ainsi que des cellules de vulgarisation agricole de Zaghouan et Zriba, en coordination avec les instances dirigeantes des GDA.<\/p><p>Cette activit\u00e9 s\u2019inscrit dans le cadre de la mise en \u0153uvre de la convention de coop\u00e9ration conclue entre le Centre Technique de l\u2019Agriculture Biologique et le CRDA de Zaghouan, visant \u00e0 promouvoir les fili\u00e8res biologiques dans le cadre du projet \u00ab PDPFA-ZG \u00bb.<\/p><p><img loading=\"lazy\" decoding=\"async\" class=\"size-medium wp-image-11046 aligncenter\" src=\"https:\/\/ctab.tn\/wp-content\/uploads\/2026\/04\/20260402_095953-300x225.jpg\" alt=\"\" width=\"300\" height=\"225\" srcset=\"https:\/\/ctab.tn\/wp-content\/uploads\/2026\/04\/20260402_095953-300x225.jpg 300w, https:\/\/ctab.tn\/wp-content\/uploads\/2026\/04\/20260402_095953-16x12.jpg 16w, https:\/\/ctab.tn\/wp-content\/uploads\/2026\/04\/20260402_095953.jpg 600w\" sizes=\"(max-width: 300px) 100vw, 300px\" \/><\/p><\/div><\/div>\n     \n    \n     \n    \n  <\/div>\n<\/div>\n\n\n<div id=\"uc_uc_icon_accordion_elementor_219872b_item13\" class=\"uc_ac_box  elementor-repeater-item-ebd44d0\">\n  <div class=\"uc-heading uc_trigger\">\n    \n        <div class=\"ue_icon_holder\">\n      <div class=\"ue_icon\"><i class='fas fa-leaf'><\/i><\/div>\n    <\/div>\n    <div class=\"ue_icon_spacing\"><\/div>\n        \n    <div class=\"ue_title\">Session de formation sur \"La transformation, la Valorisation et la Commercialisation des plantes aromatiques et m\u00e9dicinales en mode biologique\"  <\/div>\n    \n    \n        <div class=\"ue_expand_spacing\"><\/div>\n    <div class=\"ue_expand\">\n      <div class=\"ue_expand_inside\">\n      <span class=\"uc_dactive bbb ue_accordion_icon\" ><i class='fas fa-plus'><\/i><\/span>\n      <span class=\"uc_active bbb ue_accordion_icon\"><i class='fas fa-minus'><\/i><\/span>\n      <\/div>\n    <\/div>\n        \n  <\/div>\n  <!-- end of heading -->\n  \n  \n  <div class=\"uc_content\" >\n          <div style=\"text-align: justify; color: #000000;\"><div class=\"qwen-markdown-paragraph\"><p>Le Centre Technique de l'Agriculture Biologique (CTAB) a anim\u00e9 une session de formation organis\u00e9e en coop\u00e9ration avec la Division d\u2019Appui \u00e0 la Femme en Milieu Rural du Commissariat R\u00e9gional au D\u00e9veloppement Agricole (CRDA) de Nabeul, sur \"La transformation, la Valorisation et la Commercialisation des plantes aromatiques et m\u00e9dicinales en mode biologique\".<\/p><p>Cette formation s'est d\u00e9roul\u00e9e le <strong>01 et 02 avril 2026<\/strong> \u00e0 la Maison des Jeunes d'El Oudiane, \u00e0 Menzel Temime, gouvernorat de Nabeul, au profit de groupements de femmes rurales.<\/p><p>Les ing\u00e9nieur Salaheddine SOUGUIR &amp; Faten KSOURI MANSOUR ont anim\u00e9 cette session.<\/p><p><img loading=\"lazy\" decoding=\"async\" class=\"size-medium wp-image-11028 aligncenter\" src=\"https:\/\/ctab.tn\/wp-content\/uploads\/2026\/04\/31e8f12c-43f9-4fe8-905f-c240c599ae42-300x225.jpg\" alt=\"\" width=\"300\" height=\"225\" srcset=\"https:\/\/ctab.tn\/wp-content\/uploads\/2026\/04\/31e8f12c-43f9-4fe8-905f-c240c599ae42-300x225.jpg 300w, https:\/\/ctab.tn\/wp-content\/uploads\/2026\/04\/31e8f12c-43f9-4fe8-905f-c240c599ae42-1024x768.jpg 1024w, https:\/\/ctab.tn\/wp-content\/uploads\/2026\/04\/31e8f12c-43f9-4fe8-905f-c240c599ae42-768x576.jpg 768w, https:\/\/ctab.tn\/wp-content\/uploads\/2026\/04\/31e8f12c-43f9-4fe8-905f-c240c599ae42-16x12.jpg 16w, https:\/\/ctab.tn\/wp-content\/uploads\/2026\/04\/31e8f12c-43f9-4fe8-905f-c240c599ae42.jpg 1040w\" sizes=\"(max-width: 300px) 100vw, 300px\" \/><\/p><\/div><\/div>\n     \n    \n     \n    \n  <\/div>\n<\/div>\n\n\n<div id=\"uc_uc_icon_accordion_elementor_219872b_item14\" class=\"uc_ac_box  elementor-repeater-item-a1a5744\">\n  <div class=\"uc-heading uc_trigger\">\n    \n        <div class=\"ue_icon_holder\">\n      <div class=\"ue_icon\"><i class='fas fa-leaf'><\/i><\/div>\n    <\/div>\n    <div class=\"ue_icon_spacing\"><\/div>\n        \n    <div class=\"ue_title\">C\u00e9l\u00e9bration de Cinquanti\u00e8me Anniversaire de l\u2019ESAK <\/div>\n    \n    \n        <div class=\"ue_expand_spacing\"><\/div>\n    <div class=\"ue_expand\">\n      <div class=\"ue_expand_inside\">\n      <span class=\"uc_dactive bbb ue_accordion_icon\" ><i class='fas fa-plus'><\/i><\/span>\n      <span class=\"uc_active bbb ue_accordion_icon\"><i class='fas fa-minus'><\/i><\/span>\n      <\/div>\n    <\/div>\n        \n  <\/div>\n  <!-- end of heading -->\n  \n  \n  <div class=\"uc_content\" >\n          <div style=\"text-align: justify; color: #000000;\"><div class=\"qwen-markdown-paragraph\"><p>M. Hatem Chehidi, Ing\u00e9nieur G\u00e9n\u00e9ral et repr\u00e9sentant du Centre Technique de l'Agriculture Biologique, a pris part aux c\u00e9l\u00e9brations du cinquantenaire de l'\u00c9cole Sup\u00e9rieure d'Agriculture du Kef (ESAK). Cette participation s'inscrit \u00e9galement dans le cadre du partenariat strat\u00e9gique et de la convention de coop\u00e9ration liant les deux institutions, engag\u00e9es conjointement dans l'encadrement et la formation des \u00e9tudiants. L'\u00e9v\u00e9nement s'est tenu le 2 avril 2026 au sein de l'\u00c9cole Sup\u00e9rieure d'Agriculture du Kef.\u00a0<\/p><p><img loading=\"lazy\" decoding=\"async\" class=\"size-medium wp-image-11023 aligncenter\" src=\"https:\/\/ctab.tn\/wp-content\/uploads\/2026\/04\/658982661_10163934701162906_3388818039555774055_n-300x226.jpg\" alt=\"\" width=\"300\" height=\"226\" srcset=\"https:\/\/ctab.tn\/wp-content\/uploads\/2026\/04\/658982661_10163934701162906_3388818039555774055_n-300x226.jpg 300w, https:\/\/ctab.tn\/wp-content\/uploads\/2026\/04\/658982661_10163934701162906_3388818039555774055_n-1024x771.jpg 1024w, https:\/\/ctab.tn\/wp-content\/uploads\/2026\/04\/658982661_10163934701162906_3388818039555774055_n-768x578.jpg 768w, https:\/\/ctab.tn\/wp-content\/uploads\/2026\/04\/658982661_10163934701162906_3388818039555774055_n-1536x1157.jpg 1536w, https:\/\/ctab.tn\/wp-content\/uploads\/2026\/04\/658982661_10163934701162906_3388818039555774055_n-16x12.jpg 16w, https:\/\/ctab.tn\/wp-content\/uploads\/2026\/04\/658982661_10163934701162906_3388818039555774055_n.jpg 2048w\" sizes=\"(max-width: 300px) 100vw, 300px\" \/><\/p><\/div><\/div>\n     \n    \n     \n    \n  <\/div>\n<\/div>\n\n\n<div id=\"uc_uc_icon_accordion_elementor_219872b_item15\" class=\"uc_ac_box  elementor-repeater-item-3ae5969\">\n  <div class=\"uc-heading uc_trigger\">\n    \n        <div class=\"ue_icon_holder\">\n      <div class=\"ue_icon\"><i class='fas fa-leaf'><\/i><\/div>\n    <\/div>\n    <div class=\"ue_icon_spacing\"><\/div>\n        \n    <div class=\"ue_title\">Journ\u00e9e d\u2019information sur \u00ab la production des olivier biologiques \u00bb<\/div>\n    \n    \n        <div class=\"ue_expand_spacing\"><\/div>\n    <div class=\"ue_expand\">\n      <div class=\"ue_expand_inside\">\n      <span class=\"uc_dactive bbb ue_accordion_icon\" ><i class='fas fa-plus'><\/i><\/span>\n      <span class=\"uc_active bbb ue_accordion_icon\"><i class='fas fa-minus'><\/i><\/span>\n      <\/div>\n    <\/div>\n        \n  <\/div>\n  <!-- end of heading -->\n  \n  \n  <div class=\"uc_content\" >\n          <div style=\"text-align: justify; color: #000000;\"><div class=\"qwen-markdown-paragraph\"><p>Mr. Youssef AMOR Ing\u00e9nieur g\u00e9n\u00e9ral et Directeur de l\u2019Exp\u00e9rimentation et de la Communication et Mme. Hanem Grissa ing\u00e9nieur g\u00e9n\u00e9ral et directrice de la formation au Centre Technique de l'Agriculture Biologique (CTAB) ont particip\u00e9 \u00e0 l'animation d'une journ\u00e9e d\u2019information sur \u00ab\u00a0la production des oliviers biologiques\u00a0\u00bb, organis\u00e9e par le Commissariat R\u00e9gional au D\u00e9veloppement Agricole (CRDA) de Monastir\u00a0: Division de l\u2019Agriculture Biologique (DAB) dans le cadre du projet \u00ab\u00a0BIOREST\u00a0\u00bb au profit d\u2019un groupe d\u2019agriculteurs.<\/p><p>Date et lieu : Mercredi 1<sup>er<\/sup> Avril 2026 au Centre de Formation Agricole de Jemmel au Gouvernorat de Monastir.<\/p><p><img loading=\"lazy\" decoding=\"async\" class=\"size-medium wp-image-11016 aligncenter\" src=\"https:\/\/ctab.tn\/wp-content\/uploads\/2026\/04\/c-300x225.jpg\" alt=\"\" width=\"300\" height=\"225\" srcset=\"https:\/\/ctab.tn\/wp-content\/uploads\/2026\/04\/c-300x225.jpg 300w, https:\/\/ctab.tn\/wp-content\/uploads\/2026\/04\/c-1024x768.jpg 1024w, https:\/\/ctab.tn\/wp-content\/uploads\/2026\/04\/c-768x576.jpg 768w, https:\/\/ctab.tn\/wp-content\/uploads\/2026\/04\/c-1536x1152.jpg 1536w, https:\/\/ctab.tn\/wp-content\/uploads\/2026\/04\/c-16x12.jpg 16w, https:\/\/ctab.tn\/wp-content\/uploads\/2026\/04\/c.jpg 2048w\" sizes=\"(max-width: 300px) 100vw, 300px\" \/><\/p><\/div><\/div>\n     \n    \n     \n    \n  <\/div>\n<\/div>\n\n\n<div id=\"uc_uc_icon_accordion_elementor_219872b_item16\" class=\"uc_ac_box  elementor-repeater-item-c83065b\">\n  <div class=\"uc-heading uc_trigger\">\n    \n        <div class=\"ue_icon_holder\">\n      <div class=\"ue_icon\"><i class='fas fa-leaf'><\/i><\/div>\n    <\/div>\n    <div class=\"ue_icon_spacing\"><\/div>\n        \n    <div class=\"ue_title\">R\u00e9union de la Commission Nationale Charg\u00e9e du Suivi du Projet \"BIOTED\"<\/div>\n    \n    \n        <div class=\"ue_expand_spacing\"><\/div>\n    <div class=\"ue_expand\">\n      <div class=\"ue_expand_inside\">\n      <span class=\"uc_dactive bbb ue_accordion_icon\" ><i class='fas fa-plus'><\/i><\/span>\n      <span class=\"uc_active bbb ue_accordion_icon\"><i class='fas fa-minus'><\/i><\/span>\n      <\/div>\n    <\/div>\n        \n  <\/div>\n  <!-- end of heading -->\n  \n  \n  <div class=\"uc_content\" >\n          <div style=\"text-align: justify; color: #000000;\"><div class=\"qwen-markdown-paragraph\"><p>Dans le cadre du suivi de la mise en \u0153uvre des composantes du projet \u00abD\u00e9veloppement d\u2019une fili\u00e8re d\u2019agritourisme biologique durable et \u00e9quitable au b\u00e9n\u00e9fice des territoires Tunisiens et de leurs population (BioTED)\u00bb, M. Haythem Elouaer a particip\u00e9 aux travaux de la r\u00e9union de la Commission Nationale Charg\u00e9e du suivi dudit projet, tenue au si\u00e8ge de la Direction G\u00e9n\u00e9rale de l\u2019Agriculture Biologique en date du 31 mars 2026, en sa double qualit\u00e9 de repr\u00e9sentant du Centre Technique de l\u2019Agriculture Biologique et de membre de ladite Commission.<\/p><p>Les travaux de cette s\u00e9ance ont \u00e9t\u00e9 consacr\u00e9s \u00e0 l\u2019examen et \u00e0 l\u2019\u00e9mission d\u2019avis sur les activit\u00e9s et points suivants :<\/p><ul><li>Le projet d\u2019\u00e9laboration du document \u00abGuide de l\u2019investisseur dans le domaine du tourisme agricole\u00bb, pr\u00e9par\u00e9 par un bureau d\u2019\u00e9tudes.<\/li><li>L\u2019approbation du manuel de proc\u00e9dures relatif au soutien des projets pilotes en tourisme biologique s\u00e9lectionn\u00e9s dans le cadre du projet \u00abBioTED\u00bb.<\/li><li>Les exigences du deuxi\u00e8me groupe des projets pilotes en tourisme biologique.<\/li><li>Un r\u00e9sum\u00e9 des difficult\u00e9s rencontr\u00e9es par le premier groupe des projets pilotes.<\/li><\/ul><p><img loading=\"lazy\" decoding=\"async\" class=\"size-medium wp-image-10999 aligncenter\" src=\"https:\/\/ctab.tn\/wp-content\/uploads\/2026\/04\/20260331_115858-1-300x225.jpg\" alt=\"\" width=\"300\" height=\"225\" srcset=\"https:\/\/ctab.tn\/wp-content\/uploads\/2026\/04\/20260331_115858-1-300x225.jpg 300w, https:\/\/ctab.tn\/wp-content\/uploads\/2026\/04\/20260331_115858-1-1024x768.jpg 1024w, https:\/\/ctab.tn\/wp-content\/uploads\/2026\/04\/20260331_115858-1-768x576.jpg 768w, https:\/\/ctab.tn\/wp-content\/uploads\/2026\/04\/20260331_115858-1-1536x1152.jpg 1536w, https:\/\/ctab.tn\/wp-content\/uploads\/2026\/04\/20260331_115858-1-2048x1536.jpg 2048w, https:\/\/ctab.tn\/wp-content\/uploads\/2026\/04\/20260331_115858-1-16x12.jpg 16w\" sizes=\"(max-width: 300px) 100vw, 300px\" \/><\/p><\/div><\/div>\n     \n    \n     \n    \n  <\/div>\n<\/div>\n\n\n<div id=\"uc_uc_icon_accordion_elementor_219872b_item17\" class=\"uc_ac_box  elementor-repeater-item-cab36f5\">\n  <div class=\"uc-heading uc_trigger\">\n    \n        <div class=\"ue_icon_holder\">\n      <div class=\"ue_icon\"><i class='fas fa-leaf'><\/i><\/div>\n    <\/div>\n    <div class=\"ue_icon_spacing\"><\/div>\n        \n    <div class=\"ue_title\">Assistance et encadrement technique des visites organis\u00e9es au Centre Technique de l\u2019Agriculture Biologique (CTAB)<\/div>\n    \n    \n        <div class=\"ue_expand_spacing\"><\/div>\n    <div class=\"ue_expand\">\n      <div class=\"ue_expand_inside\">\n      <span class=\"uc_dactive bbb ue_accordion_icon\" ><i class='fas fa-plus'><\/i><\/span>\n      <span class=\"uc_active bbb ue_accordion_icon\"><i class='fas fa-minus'><\/i><\/span>\n      <\/div>\n    <\/div>\n        \n  <\/div>\n  <!-- end of heading -->\n  \n  \n  <div class=\"uc_content\" >\n          <div style=\"text-align: justify; color: #000000;\"><div class=\"qwen-markdown-paragraph\"><p>Dans le cadre des \u00e9changes d\u2019exp\u00e9riences, un groupe de professeurs et des \u00e9l\u00e8ves de l\u2019\u00e9cole d\u2019horticulture, de paysage et de commerce Saint Ilan de France et de l\u2019Institut Sup\u00e9rieur Agronomique de Chott Meriem \u2013 Sousse \u2013Tunisie, a visit\u00e9 le Centre Technique de l\u2019Agriculture Biologique (CTAB) le 31 Mars 2026.<\/p><p>Lors de cette visite, il y a eu une pr\u00e9sentation des activit\u00e9s du CTAB, un tour de laboratoire d'analyse des r\u00e9sidus de pesticides et des contaminants du CTAB a \u00e9t\u00e9 effectu\u00e9 ainsi qu\u2019\u00e0 la station exp\u00e9rimentale.<\/p><p><img loading=\"lazy\" decoding=\"async\" class=\"size-medium wp-image-10992 aligncenter\" src=\"https:\/\/ctab.tn\/wp-content\/uploads\/2026\/03\/e446c26d-c382-4a4e-a292-e085a434fbbe-300x135.jpg\" alt=\"\" width=\"300\" height=\"135\" srcset=\"https:\/\/ctab.tn\/wp-content\/uploads\/2026\/03\/e446c26d-c382-4a4e-a292-e085a434fbbe-300x135.jpg 300w, https:\/\/ctab.tn\/wp-content\/uploads\/2026\/03\/e446c26d-c382-4a4e-a292-e085a434fbbe-18x8.jpg 18w, https:\/\/ctab.tn\/wp-content\/uploads\/2026\/03\/e446c26d-c382-4a4e-a292-e085a434fbbe.jpg 600w\" sizes=\"(max-width: 300px) 100vw, 300px\" \/><\/p><\/div><\/div>\n     \n    \n     \n    \n  <\/div>\n<\/div>\n\n\n<div id=\"uc_uc_icon_accordion_elementor_219872b_item18\" class=\"uc_ac_box  elementor-repeater-item-46b86fb\">\n  <div class=\"uc-heading uc_trigger\">\n    \n        <div class=\"ue_icon_holder\">\n      <div class=\"ue_icon\"><i class='fas fa-leaf'><\/i><\/div>\n    <\/div>\n    <div class=\"ue_icon_spacing\"><\/div>\n        \n    <div class=\"ue_title\">Atelier dans le cadre de la planification des objectifs pour le plan quinquennal 2026-2030 du secteur de l'Agriculture Biologique en Tunisie<\/div>\n    \n    \n        <div class=\"ue_expand_spacing\"><\/div>\n    <div class=\"ue_expand\">\n      <div class=\"ue_expand_inside\">\n      <span class=\"uc_dactive bbb ue_accordion_icon\" ><i class='fas fa-plus'><\/i><\/span>\n      <span class=\"uc_active bbb ue_accordion_icon\"><i class='fas fa-minus'><\/i><\/span>\n      <\/div>\n    <\/div>\n        \n  <\/div>\n  <!-- end of heading -->\n  \n  \n  <div class=\"uc_content\" >\n          <div style=\"text-align: justify; color: #000000;\"><div class=\"qwen-markdown-paragraph\"><p>Dans le cadre de la planification des objectifs pour le plan quinquennal 2026-2030 du secteur de l'agriculture biologique, et avec le soutien de la Commission europ\u00e9enne, la Direction G\u00e9n\u00e9rale de l\u2019Agriculture Biologique a organis\u00e9 le jeudi 26 mars 2026 un atelier \u00e0 Kairouan.<\/p><p>Cet atelier a \u00e9t\u00e9 supervis\u00e9 par la charg\u00e9e de la Direction G\u00e9n\u00e9rale de l\u2019Agriculture Biologique. Le Directeur G\u00e9n\u00e9ral du Centre Technique de l'Agriculture Biologique a particip\u00e9 \u00e0 cet \u00e9v\u00e9nement. Lors de cette journ\u00e9e le repr\u00e9sentant de Directeur G\u00e9n\u00e9ral du Commissariat R\u00e9gional au D\u00e9veloppement Agricole de Kairouan a assist\u00e9 ainsi que\u00a0 des repr\u00e9sentants du Centre R\u00e9gional des Recherches en Horticulture et Agriculture Biologique de Chott Meriem, de l'Autorit\u00e9 Nationale de S\u00e9curit\u00e9 Sanitaire des Produits Alimentaires, des administrations r\u00e9gionales, des repr\u00e9sentants des divisions de l\u2019Agriculture Biologique dans les CRDAs, certains acteurs du secteur et des repr\u00e9sentants des associations actives dans le secteur de l'agriculture biologique.<\/p><p>Au d\u00e9but de cet atelier, deux interventions ont \u00e9t\u00e9 pr\u00e9sent\u00e9es :<\/p><p>- Premi\u00e8re intervention: La situation du secteur de l'agriculture biologique en Tunisie\u060c<\/p><p>- La deuxi\u00e8me intervention: Un aper\u00e7u sur les objectifs des strat\u00e9gies pr\u00e9c\u00e9dentes dans le secteur.<\/p><p>Puis, quatre \u00e9quipes de travail participatives ont \u00e9t\u00e9 organis\u00e9es impliquant toutes les parties prenantes pour identifier les priorit\u00e9s et les points forts, ainsi que pour soumettre des suggestions et un plan d'action de la strat\u00e9gie. Ces \u00e9quipes comprenaient la gouvernance, la production v\u00e9g\u00e9tale et animale et la transformation, le Contr\u00f4le et la certification et la Commercialisation.<\/p><p><img loading=\"lazy\" decoding=\"async\" class=\"size-medium wp-image-10972 aligncenter\" src=\"https:\/\/ctab.tn\/wp-content\/uploads\/2026\/03\/Image2-300x194.png\" alt=\"\" width=\"300\" height=\"194\" srcset=\"https:\/\/ctab.tn\/wp-content\/uploads\/2026\/03\/Image2-300x194.png 300w, https:\/\/ctab.tn\/wp-content\/uploads\/2026\/03\/Image2-18x12.png 18w, https:\/\/ctab.tn\/wp-content\/uploads\/2026\/03\/Image2.png 559w\" sizes=\"(max-width: 300px) 100vw, 300px\" \/><\/p><\/div><\/div>\n     \n    \n     \n    \n  <\/div>\n<\/div>\n\n\n<div id=\"uc_uc_icon_accordion_elementor_219872b_item19\" class=\"uc_ac_box  elementor-repeater-item-5bff55a\">\n  <div class=\"uc-heading uc_trigger\">\n    \n        <div class=\"ue_icon_holder\">\n      <div class=\"ue_icon\"><i class='fas fa-leaf'><\/i><\/div>\n    <\/div>\n    <div class=\"ue_icon_spacing\"><\/div>\n        \n    <div class=\"ue_title\">Visite de terrain pour renforcer la culture biologique des plantes aromatiques et m\u00e9dicinales<\/div>\n    \n    \n        <div class=\"ue_expand_spacing\"><\/div>\n    <div class=\"ue_expand\">\n      <div class=\"ue_expand_inside\">\n      <span class=\"uc_dactive bbb ue_accordion_icon\" ><i class='fas fa-plus'><\/i><\/span>\n      <span class=\"uc_active bbb ue_accordion_icon\"><i class='fas fa-minus'><\/i><\/span>\n      <\/div>\n    <\/div>\n        \n  <\/div>\n  <!-- end of heading -->\n  \n  \n  <div class=\"uc_content\" >\n          <div style=\"text-align: justify; color: #000000;\"><div class=\"qwen-markdown-paragraph\"><p>Dans le cadre de la consolidation de l'agriculture biologique, les ing\u00e9nieurs Faten Ksouri Mansour et Salaheddine Souguir ont effectu\u00e9 une visite de terrain sur l'exploitation agricole de M. Habib Hilal, situ\u00e9e \u00e0 l\u2019Hedadra, gouvernorat de Monastir. Cette action a \u00e9t\u00e9 men\u00e9e en coordination entre le Centre Technique de l'Agriculture Biologique et la division de l'Agriculture Biologique au Commissariat R\u00e9gional au D\u00e9veloppement Agricole de Monastir et ce le 03 Mars 2026.<\/p><p>\u00c0 l'occasion de cette visite, un examen de l'exploitation, l'identification des superficies propices \u00e0 la culture des plantes aromatiques et m\u00e9dicinales, ainsi qu'\u00e0 la s\u00e9lection des vari\u00e9t\u00e9s les mieux adapt\u00e9es aux sp\u00e9cificit\u00e9s de la r\u00e9gion. Des conseils techniques ont \u00e9galement \u00e9t\u00e9 dispens\u00e9s afin d\u2019encourager l\u2019agriculteur \u00e0 investir dans ce secteur \u00e0 fort potentiel, d'autant plus que l'agriculteur est engag\u00e9 dans des activit\u00e9s d'\u00e9cotourisme.<\/p><p><img loading=\"lazy\" decoding=\"async\" class=\"size-medium wp-image-10948 aligncenter\" src=\"https:\/\/ctab.tn\/wp-content\/uploads\/2026\/03\/52cfc11c-aec7-4486-a316-30216e9af1ad-300x226.jpg\" alt=\"\" width=\"300\" height=\"226\" srcset=\"https:\/\/ctab.tn\/wp-content\/uploads\/2026\/03\/52cfc11c-aec7-4486-a316-30216e9af1ad-300x226.jpg 300w, https:\/\/ctab.tn\/wp-content\/uploads\/2026\/03\/52cfc11c-aec7-4486-a316-30216e9af1ad-1024x771.jpg 1024w, https:\/\/ctab.tn\/wp-content\/uploads\/2026\/03\/52cfc11c-aec7-4486-a316-30216e9af1ad-768x578.jpg 768w, https:\/\/ctab.tn\/wp-content\/uploads\/2026\/03\/52cfc11c-aec7-4486-a316-30216e9af1ad-1536x1156.jpg 1536w, https:\/\/ctab.tn\/wp-content\/uploads\/2026\/03\/52cfc11c-aec7-4486-a316-30216e9af1ad-16x12.jpg 16w, https:\/\/ctab.tn\/wp-content\/uploads\/2026\/03\/52cfc11c-aec7-4486-a316-30216e9af1ad.jpg 1600w\" sizes=\"(max-width: 300px) 100vw, 300px\" \/><\/p><\/div><\/div>\n     \n    \n     \n    \n  <\/div>\n<\/div>\n\n\n<div id=\"uc_uc_icon_accordion_elementor_219872b_item20\" class=\"uc_ac_box  elementor-repeater-item-bd62bd2\">\n  <div class=\"uc-heading uc_trigger\">\n    \n        <div class=\"ue_icon_holder\">\n      <div class=\"ue_icon\"><i class='fas fa-leaf'><\/i><\/div>\n    <\/div>\n    <div class=\"ue_icon_spacing\"><\/div>\n        \n    <div class=\"ue_title\">Visites de terrain sur des exploitations agricoles biologiques<\/div>\n    \n    \n        <div class=\"ue_expand_spacing\"><\/div>\n    <div class=\"ue_expand\">\n      <div class=\"ue_expand_inside\">\n      <span class=\"uc_dactive bbb ue_accordion_icon\" ><i class='fas fa-plus'><\/i><\/span>\n      <span class=\"uc_active bbb ue_accordion_icon\"><i class='fas fa-minus'><\/i><\/span>\n      <\/div>\n    <\/div>\n        \n  <\/div>\n  <!-- end of heading -->\n  \n  \n  <div class=\"uc_content\" >\n          <div style=\"text-align: justify; color: #000000;\"><div class=\"qwen-markdown-paragraph\"><p>Dans le cadre des activit\u00e9s du Centre Technique de l'Agriculture Biologique relatives \u00e0 l'encadrement technique des agriculteurs biologiques, des visites de terrain ont \u00e9t\u00e9 effectu\u00e9es le 24 f\u00e9vrier 2026 sur des exploitations agricoles biologiques situ\u00e9es \u00e0 Sidi Thabet, dans le gouvernorat de l'Ariana.<\/p><p>Cette visite s'est d\u00e9roul\u00e9e en pr\u00e9sence des repr\u00e9sentants du Centre Technique de l'Agriculture Biologique : Youssef Amor et Salaheddine Souguir, ainsi que la repr\u00e9sentante du Service de Vulgarisation et de Programmation en Agriculture Biologique au Commissariat R\u00e9gional au D\u00e9veloppement Agricole de l'Ariana, Mme Hasna Gharbi. L\u2019\u00e9quipe a proc\u00e9d\u00e9 \u00e0 l'examen des composantes des exploitations biologiques, notamment les oliviers, les figuiers, les agrumes et les plantations de roses biologiques de l'Ariana.<\/p><p>Des conseils techniques appropri\u00e9s ont \u00e9galement \u00e9t\u00e9 dispens\u00e9s afin de garantir une production de haute qualit\u00e9.<\/p><p><img loading=\"lazy\" decoding=\"async\" class=\"size-medium wp-image-10936 aligncenter\" src=\"https:\/\/ctab.tn\/wp-content\/uploads\/2026\/02\/639914117_2372989476532216_4286475523667580050_n-300x138.jpg\" alt=\"\" width=\"300\" height=\"138\" srcset=\"https:\/\/ctab.tn\/wp-content\/uploads\/2026\/02\/639914117_2372989476532216_4286475523667580050_n-300x138.jpg 300w, https:\/\/ctab.tn\/wp-content\/uploads\/2026\/02\/639914117_2372989476532216_4286475523667580050_n-1024x472.jpg 1024w, https:\/\/ctab.tn\/wp-content\/uploads\/2026\/02\/639914117_2372989476532216_4286475523667580050_n-768x354.jpg 768w, https:\/\/ctab.tn\/wp-content\/uploads\/2026\/02\/639914117_2372989476532216_4286475523667580050_n-1536x708.jpg 1536w, https:\/\/ctab.tn\/wp-content\/uploads\/2026\/02\/639914117_2372989476532216_4286475523667580050_n-18x8.jpg 18w, https:\/\/ctab.tn\/wp-content\/uploads\/2026\/02\/639914117_2372989476532216_4286475523667580050_n.jpg 2000w\" sizes=\"(max-width: 300px) 100vw, 300px\" \/><\/p><\/div><\/div>\n     \n    \n     \n    \n  <\/div>\n<\/div>\n\n\n<div id=\"uc_uc_icon_accordion_elementor_219872b_item21\" class=\"uc_ac_box  elementor-repeater-item-d7b62f2\">\n  <div class=\"uc-heading uc_trigger\">\n    \n        <div class=\"ue_icon_holder\">\n      <div class=\"ue_icon\"><i class='fas fa-leaf'><\/i><\/div>\n    <\/div>\n    <div class=\"ue_icon_spacing\"><\/div>\n        \n    <div class=\"ue_title\">Assistance et encadrement technique des visites organis\u00e9es au Centre Technique de l\u2019Agriculture Biologique (CTAB)<\/div>\n    \n    \n        <div class=\"ue_expand_spacing\"><\/div>\n    <div class=\"ue_expand\">\n      <div class=\"ue_expand_inside\">\n      <span class=\"uc_dactive bbb ue_accordion_icon\" ><i class='fas fa-plus'><\/i><\/span>\n      <span class=\"uc_active bbb ue_accordion_icon\"><i class='fas fa-minus'><\/i><\/span>\n      <\/div>\n    <\/div>\n        \n  <\/div>\n  <!-- end of heading -->\n  \n  \n  <div class=\"uc_content\" >\n          <div style=\"text-align: justify; color: #000000;\"><div class=\"qwen-markdown-paragraph\"><p><strong>Date :<\/strong> Mardi 24 f\u00e9vrier 2026<br \/><strong>Visiteurs :<\/strong> Groupe d'\u00e9tudiants de premi\u00e8re ann\u00e9e de Master en Gestion, Traitement et Valorisation des d\u00e9chets, et Master en Eco-Surveillance environnementale de l\u2019Institut Sup\u00e9rieur des Sciences Appliqu\u00e9es &amp; Technologie Mahdia.<br \/><strong>Sujet :<\/strong> Pr\u00e9sentation des techniques de production de compost.<br \/><strong>Encadrement :<\/strong> Hanem Grissa.<\/p><\/div><p><img loading=\"lazy\" decoding=\"async\" class=\" wp-image-10932 aligncenter\" src=\"https:\/\/ctab.tn\/wp-content\/uploads\/2026\/02\/aefec83c-23d7-4cc3-b748-c0dac526e678-225x300.jpg\" alt=\"\" width=\"152\" height=\"203\" srcset=\"https:\/\/ctab.tn\/wp-content\/uploads\/2026\/02\/aefec83c-23d7-4cc3-b748-c0dac526e678-225x300.jpg 225w, https:\/\/ctab.tn\/wp-content\/uploads\/2026\/02\/aefec83c-23d7-4cc3-b748-c0dac526e678-768x1024.jpg 768w, https:\/\/ctab.tn\/wp-content\/uploads\/2026\/02\/aefec83c-23d7-4cc3-b748-c0dac526e678-1152x1536.jpg 1152w, https:\/\/ctab.tn\/wp-content\/uploads\/2026\/02\/aefec83c-23d7-4cc3-b748-c0dac526e678-9x12.jpg 9w, https:\/\/ctab.tn\/wp-content\/uploads\/2026\/02\/aefec83c-23d7-4cc3-b748-c0dac526e678.jpg 1200w\" sizes=\"(max-width: 152px) 100vw, 152px\" \/><\/p><\/div>\n     \n    \n     \n    \n  <\/div>\n<\/div>\n\n\n<div id=\"uc_uc_icon_accordion_elementor_219872b_item22\" class=\"uc_ac_box  elementor-repeater-item-2b921a4\">\n  <div class=\"uc-heading uc_trigger\">\n    \n        <div class=\"ue_icon_holder\">\n      <div class=\"ue_icon\"><i class='fas fa-leaf'><\/i><\/div>\n    <\/div>\n    <div class=\"ue_icon_spacing\"><\/div>\n        \n    <div class=\"ue_title\">Journ\u00e9e technique de terrain sur \u00ab L'\u00e9pandage de la margine dans les oliveraies en agriculture biologique \u00bb<\/div>\n    \n    \n        <div class=\"ue_expand_spacing\"><\/div>\n    <div class=\"ue_expand\">\n      <div class=\"ue_expand_inside\">\n      <span class=\"uc_dactive bbb ue_accordion_icon\" ><i class='fas fa-plus'><\/i><\/span>\n      <span class=\"uc_active bbb ue_accordion_icon\"><i class='fas fa-minus'><\/i><\/span>\n      <\/div>\n    <\/div>\n        \n  <\/div>\n  <!-- end of heading -->\n  \n  \n  <div class=\"uc_content\" >\n          <div style=\"text-align: justify; color: #000000;\"><div class=\"qwen-markdown-paragraph\"><p>Dans le cadre de la mise en \u0153uvre du plan national adopt\u00e9 par le Minist\u00e8re de l'Agriculture, des Ressources hydrauliques et de la P\u00eache, relatif \u00e0 la gestion et \u00e0 la valorisation de la margine, et compte tenu de l'importance strat\u00e9gique du gouvernorat de Sfax en tant que premi\u00e8re r\u00e9gion productrice d'olives en Tunisie, la Division de l'Agriculture Biologique au Commissariat R\u00e9gional au D\u00e9veloppement Agricole de Sfax a organis\u00e9, le 17 f\u00e9vrier 2026, une journ\u00e9e d'information et de d\u00e9monstration au champ au profit d'un groupe d'agriculteurs de la r\u00e9gion.<\/p><p>Cette manifestation s'est tenue en collaboration avec le Centre Technique de l'Agriculture Biologique (CTAB), le Complexe Agricole Essalama, l'Institut de l'Olivier, le bureau de contr\u00f4le et de certification en agriculture biologique ECOCERT, ainsi qu'avec la participation de l'Union R\u00e9gionale de l'Agriculture et de la P\u00eache de Sfax et de la Section R\u00e9gionale de l'Ordre des Ing\u00e9nieurs de Sfax.<\/p><p>Les travaux de cette journ\u00e9e ont \u00e9t\u00e9 suivis par Monsieur le Directeur G\u00e9n\u00e9ral du Centre Technique de l'Agriculture Biologique, Monsieur le Pr\u00e9sident de l'Union R\u00e9gionale de l'Agriculture et de la P\u00eache, ainsi que par Monsieur le Directeur du Complexe Agricole Essalama de Menzel Chaker.<\/p><p>L'animation de la journ\u00e9e et la pr\u00e9sentation des r\u00e9ponses aux diff\u00e9rentes interrogations des participants ont \u00e9t\u00e9 assur\u00e9es par Monsieur Youssef Amor, Directeur des Exp\u00e9rimentations et de la Communication au CTAB, en coordination avec le Chef de la Division de l'Agriculture Biologique au Commissariat R\u00e9gional et les repr\u00e9sentants des diff\u00e9rentes institutions partenaires.<\/p><p>Au programme de cette journ\u00e9e technique : une d\u00e9monstration pratique d'\u00e9pandage de margine sur une oliveraie conduite en bio, au sein du Complexe Essalama. Cette s\u00e9ance a permis aux participants de :<\/p><p>- D\u00e9couvrir les techniques d'\u00e9pandage et les dosages recommand\u00e9s ;<\/p><p>- \u00c9changer en temps r\u00e9el sur les modalit\u00e9s op\u00e9rationnelles ;<\/p><p>- Formuler questions et propositions autour des principaux d\u00e9fis techniques li\u00e9s \u00e0 l'application du paquet technique retenu, notamment :<\/p><p>* L'homog\u00e9n\u00e9it\u00e9 de r\u00e9partition de la margine et la n\u00e9cessit\u00e9 d'adopter des syst\u00e8mes de pompage adapt\u00e9s ;<\/p><p>* La gestion diff\u00e9renci\u00e9e de la margine issue d'olives non biologiques, afin d'\u00e9viter tout m\u00e9lange avec la margine certifi\u00e9e biologique.<\/p><p>Par ailleurs, plusieurs propositions ont \u00e9t\u00e9 discut\u00e9es en vue d'une meilleure valorisation \u00e9nerg\u00e9tique de la margine, ainsi que pour encourager l'implication des jeunes dans cette dynamique, \u00e0 travers la cr\u00e9ation de projets innovants (soci\u00e9t\u00e9s de d\u00e9veloppement, soci\u00e9t\u00e9s civiles, etc.) s'appuyant sur les technologies num\u00e9riques de pointe (g\u00e9omatique, intelligence artificielle, etc.).<\/p><p>En cl\u00f4ture, Monsieur le Directeur G\u00e9n\u00e9ral du Centre Technique de l'Agriculture Biologique a r\u00e9affirm\u00e9 l'engagement et l'ouverture de son institution \u00e0 collaborer avec l'ensemble des parties prenantes afin d'apporter des solutions concr\u00e8tes aux contraintes techniques identifi\u00e9es, dans l'objectif de consolider cette strat\u00e9gie nationale et d'optimiser la valorisation de la margine dans le cadre de l'agriculture biologique.<\/p><p><img loading=\"lazy\" decoding=\"async\" class=\"aligncenter wp-image-10772\" src=\"https:\/\/ctab.tn\/wp-content\/uploads\/2026\/02\/1-1-300x225.jpg\" alt=\"\" width=\"236\" height=\"177\" \/><\/p><\/div><\/div>\n     \n    \n     \n    \n  <\/div>\n<\/div>\n\n\n<div id=\"uc_uc_icon_accordion_elementor_219872b_item23\" class=\"uc_ac_box  elementor-repeater-item-a51d826\">\n  <div class=\"uc-heading uc_trigger\">\n    \n        <div class=\"ue_icon_holder\">\n      <div class=\"ue_icon\"><i class='fas fa-leaf'><\/i><\/div>\n    <\/div>\n    <div class=\"ue_icon_spacing\"><\/div>\n        \n    <div class=\"ue_title\">Animation d'une journ\u00e9e d'information pratique sur \u00ab Les techniques de production de Compost en Agriculture Biologique \u00bb<\/div>\n    \n    \n        <div class=\"ue_expand_spacing\"><\/div>\n    <div class=\"ue_expand\">\n      <div class=\"ue_expand_inside\">\n      <span class=\"uc_dactive bbb ue_accordion_icon\" ><i class='fas fa-plus'><\/i><\/span>\n      <span class=\"uc_active bbb ue_accordion_icon\"><i class='fas fa-minus'><\/i><\/span>\n      <\/div>\n    <\/div>\n        \n  <\/div>\n  <!-- end of heading -->\n  \n  \n  <div class=\"uc_content\" >\n          <div style=\"text-align: justify; color: #000000;\"><div class=\"qwen-markdown-paragraph\"><p>Le Centre Technique de l'Agriculture Biologique a anim\u00e9 une journ\u00e9e d'information pratique sur \u00ab\u00a0Les techniques de production de Compost en Agriculture Biologique\u00a0\u00bb, organis\u00e9e \u00e0 la ferme biologique Green Village, situ\u00e9e dans la r\u00e9gion de Babouch, d\u00e9l\u00e9gation d'Ain Draham, au profit des femmes en milieu rural.<\/p><p>\u00a0\u00c0 cette occasion, l'ing\u00e9nieure Hanem Grissa a pr\u00e9sent\u00e9 des interventions th\u00e9oriques et pratiques destin\u00e9es aux agricultrices, le 17 f\u00e9vrier 2026, en partenariat avec la Division de l'Agriculture Biologique au Commissariat R\u00e9gional au D\u00e9veloppement Agricole de Jendouba.<\/p><p>L'organisation de cette journ\u00e9e s'est faite en coordination avec la Direction G\u00e9n\u00e9rale de l'Agriculture Biologique et l'Organisation des Nations Unies pour l'alimentation et l'agriculture (FAO) en Tunisie, dans le cadre du projet \u00ab BIOREST \u00bb.<\/p><p><img loading=\"lazy\" decoding=\"async\" class=\"aligncenter size-medium wp-image-10783\" src=\"https:\/\/ctab.tn\/wp-content\/uploads\/2026\/02\/636625461_945260545102315_6115598446668741501_n-300x132.jpg\" alt=\"\" width=\"300\" height=\"132\" srcset=\"https:\/\/ctab.tn\/wp-content\/uploads\/2026\/02\/636625461_945260545102315_6115598446668741501_n-300x132.jpg 300w, https:\/\/ctab.tn\/wp-content\/uploads\/2026\/02\/636625461_945260545102315_6115598446668741501_n-1024x450.jpg 1024w, https:\/\/ctab.tn\/wp-content\/uploads\/2026\/02\/636625461_945260545102315_6115598446668741501_n-768x337.jpg 768w, https:\/\/ctab.tn\/wp-content\/uploads\/2026\/02\/636625461_945260545102315_6115598446668741501_n-18x8.jpg 18w, https:\/\/ctab.tn\/wp-content\/uploads\/2026\/02\/636625461_945260545102315_6115598446668741501_n.jpg 1448w\" sizes=\"(max-width: 300px) 100vw, 300px\" \/><\/p><\/div><\/div>\n     \n    \n     \n    \n  <\/div>\n<\/div>\n\n        <\/div>\n<\/div>\n<!-- end Icon Accordion -->\t\t\t\t<\/div>\n\t\t\t\t<\/div>\n\t\t\t\t\t<\/div>\n\t\t\t\t<\/div>\n\t\t<div class=\"elementor-element elementor-element-8d25ec0 e-flex e-con-boxed e-con e-parent\" data-id=\"8d25ec0\" data-element_type=\"container\" data-settings=\"{&quot;ekit_has_onepagescroll_dot&quot;:&quot;yes&quot;}\">\n\t\t\t\t\t<div class=\"e-con-inner\">\n\t\t\t\t<div class=\"elementor-element elementor-element-8447129 elementor-widget elementor-widget-spacer\" data-id=\"8447129\" data-element_type=\"widget\" data-settings=\"{&quot;ekit_we_effect_on&quot;:&quot;none&quot;}\" data-widget_type=\"spacer.default\">\n\t\t\t\t<div class=\"elementor-widget-container\">\n\t\t\t\t\t\t\t<div class=\"elementor-spacer\">\n\t\t\t<div class=\"elementor-spacer-inner\"><\/div>\n\t\t<\/div>\n\t\t\t\t\t\t<\/div>\n\t\t\t\t<\/div>\n\t\t\t\t\t<\/div>\n\t\t\t\t<\/div>\n\t\t<div class=\"elementor-element elementor-element-fc0fc17 e-flex e-con-boxed e-con e-parent\" data-id=\"fc0fc17\" data-element_type=\"container\" data-settings=\"{&quot;ekit_has_onepagescroll_dot&quot;:&quot;yes&quot;}\">\n\t\t\t\t\t<div class=\"e-con-inner\">\n\t\t\t\t<div class=\"elementor-element elementor-element-fe44f39 elementor-widget elementor-widget-spacer\" data-id=\"fe44f39\" data-element_type=\"widget\" data-settings=\"{&quot;ekit_we_effect_on&quot;:&quot;none&quot;}\" data-widget_type=\"spacer.default\">\n\t\t\t\t<div class=\"elementor-widget-container\">\n\t\t\t\t\t\t\t<div class=\"elementor-spacer\">\n\t\t\t<div class=\"elementor-spacer-inner\"><\/div>\n\t\t<\/div>\n\t\t\t\t\t\t<\/div>\n\t\t\t\t<\/div>\n\t\t\t\t\t<\/div>\n\t\t\t\t<\/div>\n\t\t\t\t<\/div>\n\t\t","protected":false},"excerpt":{"rendered":"<p>Actualit\u00e9s Journ\u00e9e champ sur \u00ab la culture de la tomate de saison en mode biologique \u00bb Vendredi 24 Avril 2026 : Mr. Youssef AMOR Ing\u00e9nieur G\u00e9n\u00e9ral et Directeur de l\u2019Exp\u00e9rimentation et de la Communication au Centre Technique de l&#8217;Agriculture Biologique (CTAB) a particip\u00e9 \u00e0 l&#8217;animation d&#8217;une journ\u00e9e champ sur \u00ab\u00a0la \u00a0culture de la tomate de [&hellip;]<\/p>\n","protected":false},"author":31,"featured_media":0,"parent":0,"menu_order":0,"comment_status":"closed","ping_status":"open","template":"","meta":{"site-sidebar-layout":"no-sidebar","site-content-layout":"","ast-site-content-layout":"full-width-container","site-content-style":"default","site-sidebar-style":"default","ast-global-header-display":"","ast-banner-title-visibility":"","ast-main-header-display":"","ast-hfb-above-header-display":"","ast-hfb-below-header-display":"","ast-hfb-mobile-header-display":"","site-post-title":"disabled","ast-breadcrumbs-content":"","ast-featured-img":"disabled","footer-sml-layout":"","ast-disable-related-posts":"","theme-transparent-header-meta":"default","adv-header-id-meta":"","stick-header-meta":"default","header-above-stick-meta":"","header-main-stick-meta":"","header-below-stick-meta":"","astra-migrate-meta-layouts":"set","ast-page-background-enabled":"default","ast-page-background-meta":{"desktop":{"background-color":"var(--ast-global-color-4)","background-image":"","background-repeat":"repeat","background-position":"center center","background-size":"auto","background-attachment":"scroll","background-type":"","background-media":"","overlay-type":"","overlay-color":"","overlay-opacity":"","overlay-gradient":""},"tablet":{"background-color":"","background-image":"","background-repeat":"repeat","background-position":"center center","background-size":"auto","background-attachment":"scroll","background-type":"","background-media":"","overlay-type":"","overlay-color":"","overlay-opacity":"","overlay-gradient":""},"mobile":{"background-color":"","background-image":"","background-repeat":"repeat","background-position":"center center","background-size":"auto","background-attachment":"scroll","background-type":"","background-media":"","overlay-type":"","overlay-color":"","overlay-opacity":"","overlay-gradient":""}},"ast-content-background-meta":{"desktop":{"background-color":"var(--ast-global-color-5)","background-image":"","background-repeat":"repeat","background-position":"center center","background-size":"auto","background-attachment":"scroll","background-type":"","background-media":"","overlay-type":"","overlay-color":"","overlay-opacity":"","overlay-gradient":""},"tablet":{"background-color":"var(--ast-global-color-5)","background-image":"","background-repeat":"repeat","background-position":"center center","background-size":"auto","background-attachment":"scroll","background-type":"","background-media":"","overlay-type":"","overlay-color":"","overlay-opacity":"","overlay-gradient":""},"mobile":{"background-color":"var(--ast-global-color-5)","background-image":"","background-repeat":"repeat","background-position":"center center","background-size":"auto","background-attachment":"scroll","background-type":"","background-media":"","overlay-type":"","overlay-color":"","overlay-opacity":"","overlay-gradient":""}},"footnotes":""},"class_list":["post-2612","page","type-page","status-publish","hentry"],"_links":{"self":[{"href":"https:\/\/ctab.tn\/fr\/wp-json\/wp\/v2\/pages\/2612","targetHints":{"allow":["GET"]}}],"collection":[{"href":"https:\/\/ctab.tn\/fr\/wp-json\/wp\/v2\/pages"}],"about":[{"href":"https:\/\/ctab.tn\/fr\/wp-json\/wp\/v2\/types\/page"}],"author":[{"embeddable":true,"href":"https:\/\/ctab.tn\/fr\/wp-json\/wp\/v2\/users\/31"}],"replies":[{"embeddable":true,"href":"https:\/\/ctab.tn\/fr\/wp-json\/wp\/v2\/comments?post=2612"}],"version-history":[{"count":1114,"href":"https:\/\/ctab.tn\/fr\/wp-json\/wp\/v2\/pages\/2612\/revisions"}],"predecessor-version":[{"id":11194,"href":"https:\/\/ctab.tn\/fr\/wp-json\/wp\/v2\/pages\/2612\/revisions\/11194"}],"wp:attachment":[{"href":"https:\/\/ctab.tn\/fr\/wp-json\/wp\/v2\/media?parent=2612"}],"curies":[{"name":"wp","href":"https:\/\/api.w.org\/{rel}","templated":true}]}}